{"id":100,"date":"2010-06-25T07:18:40","date_gmt":"2010-06-25T07:18:40","guid":{"rendered":"http:\/\/www.rmbs.es\/blog\/biblioteca-luis-cernuda\/?page_id=100"},"modified":"2021-06-10T18:04:43","modified_gmt":"2021-06-10T18:04:43","slug":"actividades","status":"publish","type":"page","link":"https:\/\/www.rmbs.es\/blog\/biblioteca-luis-cernuda\/?page_id=100","title":{"rendered":"E. Programa de actividades"},"content":{"rendered":"<h2><!-- \t\t@page { size: 21cm 29.7cm; margin: 2cm } \t\tP { margin-bottom: 0cm; text-align: justify } --><\/h2>\n<p><strong>\u00a0<\/strong><\/p>\n<p><strong>PROGRAMACI\u00d3N DE ACTIVIDADES DE LA BIBLIOTECA <\/strong><\/p>\n<p><strong>LUIS CERNUDA<\/strong><\/p>\n<p><strong>\u00a0PARA EL A\u00d1O<\/strong><\/p>\n<p><strong>\u00a02021<\/strong><\/p>\n<p><strong>\u00a0<\/strong><\/p>\n<p><strong>PROGRAMACI\u00d3N DE ACTIVIDADES DE LA BIBLIOTECA <\/strong><\/p>\n<p><strong>LUIS CERNUDA<\/strong><strong> PARA\u00a0 EL\u00a0 A\u00d1O\u00a0<\/strong><strong> 2021<\/strong><\/p>\n<p><strong>\u00a0<\/strong><\/p>\n<p><strong>ABRIL<\/strong><\/p>\n<p><strong>\u00a0<\/strong><\/p>\n<p><strong>D\u00eda 28 <\/strong><\/p>\n<p><strong>Cl\u00e1sicos eternos: ciclo de conferencias sobre libros extraordinarios<\/strong><\/p>\n<p><a href=\"http:\/\/www.rmbs.es\/blog\/biblioteca-luis-cernuda\/wp-content\/uploads\/2021\/06\/04-28-1.jpg\"><img loading=\"lazy\" decoding=\"async\" class=\"alignleft  wp-image-3617\" src=\"http:\/\/www.rmbs.es\/blog\/biblioteca-luis-cernuda\/wp-content\/uploads\/2021\/06\/04-28-1-225x300.jpg\" alt=\"\" width=\"145\" height=\"193\" srcset=\"https:\/\/www.rmbs.es\/blog\/biblioteca-luis-cernuda\/wp-content\/uploads\/2021\/06\/04-28-1-225x300.jpg 225w, https:\/\/www.rmbs.es\/blog\/biblioteca-luis-cernuda\/wp-content\/uploads\/2021\/06\/04-28-1-768x1024.jpg 768w, https:\/\/www.rmbs.es\/blog\/biblioteca-luis-cernuda\/wp-content\/uploads\/2021\/06\/04-28-1-113x150.jpg 113w, https:\/\/www.rmbs.es\/blog\/biblioteca-luis-cernuda\/wp-content\/uploads\/2021\/06\/04-28-1-18x24.jpg 18w, https:\/\/www.rmbs.es\/blog\/biblioteca-luis-cernuda\/wp-content\/uploads\/2021\/06\/04-28-1-27x36.jpg 27w, https:\/\/www.rmbs.es\/blog\/biblioteca-luis-cernuda\/wp-content\/uploads\/2021\/06\/04-28-1-36x48.jpg 36w, https:\/\/www.rmbs.es\/blog\/biblioteca-luis-cernuda\/wp-content\/uploads\/2021\/06\/04-28-1.jpg 960w\" sizes=\"auto, (max-width: 145px) 100vw, 145px\" \/><\/a>\u00bfPor qu\u00e9 algunos libros permanecen en el tiempo y alumbran a generaciones sucesivas? El poeta, escritor y editor David Eloy Rodr\u00edguez nos ofrece este ciclo de conferencias a partir del an\u00e1lisis contextualizado de una selecci\u00f3n de libros \u00a0que nos ayudar\u00e1 a pensar en el concepto de \u201ccl\u00e1sico\u201d en la literatura. P\u00fablico adulto en general. A las 16:00 h. Inscripciones en la biblioteca<\/p>\n<p>\u00a0<\/p>\n<p>\u00a0<\/p>\n<p><strong>D\u00eda 30 <\/strong><\/p>\n<p><strong>Para comerte mejor<\/strong><\/p>\n<p><a href=\"http:\/\/www.rmbs.es\/blog\/biblioteca-luis-cernuda\/wp-content\/uploads\/2021\/06\/04-30.jpg\"><img loading=\"lazy\" decoding=\"async\" class=\"alignleft  wp-image-3618\" src=\"http:\/\/www.rmbs.es\/blog\/biblioteca-luis-cernuda\/wp-content\/uploads\/2021\/06\/04-30-300x169.jpg\" alt=\"\" width=\"231\" height=\"130\" srcset=\"https:\/\/www.rmbs.es\/blog\/biblioteca-luis-cernuda\/wp-content\/uploads\/2021\/06\/04-30-300x169.jpg 300w, https:\/\/www.rmbs.es\/blog\/biblioteca-luis-cernuda\/wp-content\/uploads\/2021\/06\/04-30-150x84.jpg 150w, https:\/\/www.rmbs.es\/blog\/biblioteca-luis-cernuda\/wp-content\/uploads\/2021\/06\/04-30-24x14.jpg 24w, https:\/\/www.rmbs.es\/blog\/biblioteca-luis-cernuda\/wp-content\/uploads\/2021\/06\/04-30-36x20.jpg 36w, https:\/\/www.rmbs.es\/blog\/biblioteca-luis-cernuda\/wp-content\/uploads\/2021\/06\/04-30-48x27.jpg 48w, https:\/\/www.rmbs.es\/blog\/biblioteca-luis-cernuda\/wp-content\/uploads\/2021\/06\/04-30.jpg 480w\" sizes=\"auto, (max-width: 231px) 100vw, 231px\" \/><\/a>Aqu\u00ed todo el mundo quiere comerse a alguien. El cocodrilo al ni\u00f1o, el gato al pollo, el pollo al gusano, el gusano a la yerba, el ogro a la cabra\u2026Cada uno a lo suyo, comer, comer, comer. Cuentacuentos a cargo de Jaime Sin M\u00e1s. P\u00fablico infantil a partir de 3 a\u00f1os (plazas limitadas). A las 18.00 h. Inscripciones en la biblioteca<\/p>\n<p>\u00a0<\/p>\n<p>\u00a0<\/p>\n<p><strong>MAYO<\/strong><\/p>\n<p><strong>\u00a0<\/strong><\/p>\n<p><strong>D\u00eda 7<\/strong><\/p>\n<p><strong>Ritmo de coraz\u00f3n de Jap\u00f3n<\/strong><\/p>\n<p><a href=\"http:\/\/www.rmbs.es\/blog\/biblioteca-luis-cernuda\/wp-content\/uploads\/2021\/06\/05-07-scaled.jpg\"><img loading=\"lazy\" decoding=\"async\" class=\"alignleft  wp-image-3619\" src=\"http:\/\/www.rmbs.es\/blog\/biblioteca-luis-cernuda\/wp-content\/uploads\/2021\/06\/05-07-300x261.jpg\" alt=\"\" width=\"187\" height=\"163\" srcset=\"https:\/\/www.rmbs.es\/blog\/biblioteca-luis-cernuda\/wp-content\/uploads\/2021\/06\/05-07-300x261.jpg 300w, https:\/\/www.rmbs.es\/blog\/biblioteca-luis-cernuda\/wp-content\/uploads\/2021\/06\/05-07-1024x892.jpg 1024w, https:\/\/www.rmbs.es\/blog\/biblioteca-luis-cernuda\/wp-content\/uploads\/2021\/06\/05-07-768x669.jpg 768w, https:\/\/www.rmbs.es\/blog\/biblioteca-luis-cernuda\/wp-content\/uploads\/2021\/06\/05-07-1536x1338.jpg 1536w, https:\/\/www.rmbs.es\/blog\/biblioteca-luis-cernuda\/wp-content\/uploads\/2021\/06\/05-07-2048x1784.jpg 2048w, https:\/\/www.rmbs.es\/blog\/biblioteca-luis-cernuda\/wp-content\/uploads\/2021\/06\/05-07-150x131.jpg 150w, https:\/\/www.rmbs.es\/blog\/biblioteca-luis-cernuda\/wp-content\/uploads\/2021\/06\/05-07-24x21.jpg 24w, https:\/\/www.rmbs.es\/blog\/biblioteca-luis-cernuda\/wp-content\/uploads\/2021\/06\/05-07-36x31.jpg 36w, https:\/\/www.rmbs.es\/blog\/biblioteca-luis-cernuda\/wp-content\/uploads\/2021\/06\/05-07-48x42.jpg 48w\" sizes=\"auto, (max-width: 187px) 100vw, 187px\" \/><\/a>Cuentos y relatos del Jap\u00f3n ancestral, due\u00f1o de una de las tradiciones orales m\u00e1s singulares y curiosas del mundo. Narraci\u00f3n y acompa\u00f1amiento musical a cargo de Salva Atienza. P\u00fablico infantil a partir de 3 a\u00f1os (plazas limitadas). A las 18.00 h. Inscripciones en la biblioteca<\/p>\n<p><strong>\u00a0<\/strong><\/p>\n<p>\u00a0<\/p>\n<p><strong>D\u00eda 14 <\/strong><\/p>\n<p><strong>Cuentos de boca a oreja<\/strong><\/p>\n<p><a href=\"http:\/\/www.rmbs.es\/blog\/biblioteca-luis-cernuda\/wp-content\/uploads\/2021\/06\/05-14.jpg\"><img loading=\"lazy\" decoding=\"async\" class=\"alignleft  wp-image-3620\" src=\"http:\/\/www.rmbs.es\/blog\/biblioteca-luis-cernuda\/wp-content\/uploads\/2021\/06\/05-14-300x169.jpg\" alt=\"\" width=\"247\" height=\"139\" srcset=\"https:\/\/www.rmbs.es\/blog\/biblioteca-luis-cernuda\/wp-content\/uploads\/2021\/06\/05-14-300x169.jpg 300w, https:\/\/www.rmbs.es\/blog\/biblioteca-luis-cernuda\/wp-content\/uploads\/2021\/06\/05-14-150x84.jpg 150w, https:\/\/www.rmbs.es\/blog\/biblioteca-luis-cernuda\/wp-content\/uploads\/2021\/06\/05-14-24x13.jpg 24w, https:\/\/www.rmbs.es\/blog\/biblioteca-luis-cernuda\/wp-content\/uploads\/2021\/06\/05-14-36x20.jpg 36w, https:\/\/www.rmbs.es\/blog\/biblioteca-luis-cernuda\/wp-content\/uploads\/2021\/06\/05-14-48x27.jpg 48w, https:\/\/www.rmbs.es\/blog\/biblioteca-luis-cernuda\/wp-content\/uploads\/2021\/06\/05-14.jpg 667w\" sizes=\"auto, (max-width: 247px) 100vw, 247px\" \/><\/a>Desde el principio de los tiempos una gran cadena humana ha mantenido ese continuo fluir de cuentos que han llegado hasta nuestros d\u00edas. Sesi\u00f3n de cuentos tradicionales a cargo de Filiberto Chamorro. P\u00fablico infantil a partir de 3 a\u00f1os (plazas limitadas). A las 18.00 h. Inscripciones en la biblioteca<\/p>\n<p>\u00a0<\/p>\n<p>\u00a0<\/p>\n<p><strong>D\u00eda 21 <\/strong><\/p>\n<p><strong>Cuentos de misterio poco serio<\/strong><\/p>\n<p><a href=\"http:\/\/www.rmbs.es\/blog\/biblioteca-luis-cernuda\/wp-content\/uploads\/2021\/06\/05-21.jpg\"><img loading=\"lazy\" decoding=\"async\" class=\"alignleft  wp-image-3621\" src=\"http:\/\/www.rmbs.es\/blog\/biblioteca-luis-cernuda\/wp-content\/uploads\/2021\/06\/05-21.jpg\" alt=\"\" width=\"176\" height=\"176\" srcset=\"https:\/\/www.rmbs.es\/blog\/biblioteca-luis-cernuda\/wp-content\/uploads\/2021\/06\/05-21.jpg 225w, https:\/\/www.rmbs.es\/blog\/biblioteca-luis-cernuda\/wp-content\/uploads\/2021\/06\/05-21-150x150.jpg 150w, https:\/\/www.rmbs.es\/blog\/biblioteca-luis-cernuda\/wp-content\/uploads\/2021\/06\/05-21-24x24.jpg 24w, https:\/\/www.rmbs.es\/blog\/biblioteca-luis-cernuda\/wp-content\/uploads\/2021\/06\/05-21-36x36.jpg 36w, https:\/\/www.rmbs.es\/blog\/biblioteca-luis-cernuda\/wp-content\/uploads\/2021\/06\/05-21-48x48.jpg 48w\" sizes=\"auto, (max-width: 176px) 100vw, 176px\" \/><\/a>Esta vez Philippe Le Magnifique viene a contarnos historias de mist\u00e9eerio, s\u00f3lo que\u2026 puede que nos entre la risa. Cuentacuentos con juegos de magia y mucho humor a cargo de Jes\u00fas Tiracuentos. P\u00fablico infantil a partir de 3 a\u00f1os (plazas limitadas). A las 18.00 h. Inscripciones en la biblioteca<\/p>\n<p><strong>\u00a0<\/strong><\/p>\n<p>\u00a0<\/p>\n<p><strong>\u00a0<\/strong><strong><em>\u201cSemana para centros educativos\u201d<\/em><\/strong><\/p>\n<p><strong>\u00a0<\/strong><strong>\u00a0<\/strong><\/p>\n<p><strong>D\u00eda 25<\/strong><\/p>\n<p><strong>\u00a0<\/strong><strong>Cuentos singulares de animales originales<\/strong><\/p>\n<p><a href=\"http:\/\/www.rmbs.es\/blog\/biblioteca-luis-cernuda\/wp-content\/uploads\/2021\/06\/05-25.jpg\"><img loading=\"lazy\" decoding=\"async\" class=\"alignleft  wp-image-3622\" src=\"http:\/\/www.rmbs.es\/blog\/biblioteca-luis-cernuda\/wp-content\/uploads\/2021\/06\/05-25-300x242.jpg\" alt=\"\" width=\"181\" height=\"146\" srcset=\"https:\/\/www.rmbs.es\/blog\/biblioteca-luis-cernuda\/wp-content\/uploads\/2021\/06\/05-25-300x242.jpg 300w, https:\/\/www.rmbs.es\/blog\/biblioteca-luis-cernuda\/wp-content\/uploads\/2021\/06\/05-25-150x121.jpg 150w, https:\/\/www.rmbs.es\/blog\/biblioteca-luis-cernuda\/wp-content\/uploads\/2021\/06\/05-25-24x19.jpg 24w, https:\/\/www.rmbs.es\/blog\/biblioteca-luis-cernuda\/wp-content\/uploads\/2021\/06\/05-25-36x29.jpg 36w, https:\/\/www.rmbs.es\/blog\/biblioteca-luis-cernuda\/wp-content\/uploads\/2021\/06\/05-25-48x39.jpg 48w, https:\/\/www.rmbs.es\/blog\/biblioteca-luis-cernuda\/wp-content\/uploads\/2021\/06\/05-25.jpg 611w\" sizes=\"auto, (max-width: 181px) 100vw, 181px\" \/><\/a>Unos animales divertidos y diferentes, como cada uno de nosotros, que cantan y cuentan historias sobre la necesidad de dialogar para resolver los conflictos, sobre la aceptaci\u00f3n de la diversidad\u2026Y todo ello disfrutando con la m\u00fasica y la magia de la palabra. A cargo de Salva Atienza. centros escolares de 2\u00ba ciclo\u00a0 Educaci\u00f3n\u00a0 Infantil y 1\u00ba ciclo de Educaci\u00f3n Primaria. a las 10.30 h.<\/p>\n<p><strong>\u00a0<\/strong><\/p>\n<p>\u00a0<\/p>\n<p><strong>D\u00eda 26 <\/strong><\/p>\n<p><strong>Sana, sana, comidita sana<\/strong><\/p>\n<p><a href=\"http:\/\/www.rmbs.es\/blog\/biblioteca-luis-cernuda\/wp-content\/uploads\/2021\/06\/05-26-sana-sana-comidita-sana.jpg\"><img loading=\"lazy\" decoding=\"async\" class=\"alignleft  wp-image-3623\" src=\"http:\/\/www.rmbs.es\/blog\/biblioteca-luis-cernuda\/wp-content\/uploads\/2021\/06\/05-26-sana-sana-comidita-sana-300x164.jpg\" alt=\"\" width=\"214\" height=\"117\" srcset=\"https:\/\/www.rmbs.es\/blog\/biblioteca-luis-cernuda\/wp-content\/uploads\/2021\/06\/05-26-sana-sana-comidita-sana-300x164.jpg 300w, https:\/\/www.rmbs.es\/blog\/biblioteca-luis-cernuda\/wp-content\/uploads\/2021\/06\/05-26-sana-sana-comidita-sana-150x82.jpg 150w, https:\/\/www.rmbs.es\/blog\/biblioteca-luis-cernuda\/wp-content\/uploads\/2021\/06\/05-26-sana-sana-comidita-sana-24x13.jpg 24w, https:\/\/www.rmbs.es\/blog\/biblioteca-luis-cernuda\/wp-content\/uploads\/2021\/06\/05-26-sana-sana-comidita-sana-36x20.jpg 36w, https:\/\/www.rmbs.es\/blog\/biblioteca-luis-cernuda\/wp-content\/uploads\/2021\/06\/05-26-sana-sana-comidita-sana-48x26.jpg 48w, https:\/\/www.rmbs.es\/blog\/biblioteca-luis-cernuda\/wp-content\/uploads\/2021\/06\/05-26-sana-sana-comidita-sana.jpg 750w\" sizes=\"auto, (max-width: 214px) 100vw, 214px\" \/><\/a>Muchos alimentos parecen m\u00e1gicos porque te dan fuerza, te hacen crecer, te dan alegr\u00eda o te curan si est\u00e1s enfermo. En esta sesi\u00f3n de cuentos nos enteraremos de c\u00f3mo activar el poder de los alimentos y de la importancia de comer bien. Por Jhon Ardila. centros escolares de 1\u00ba ciclo de Educaci\u00f3n Primaria. A las 10.30 h.<\/p>\n<p>\u00a0<\/p>\n<p><strong>Cl\u00e1sicos eternos: ciclo de conferencias sobre libros extraordinarios<\/strong><\/p>\n<p><a href=\"http:\/\/www.rmbs.es\/blog\/biblioteca-luis-cernuda\/wp-content\/uploads\/2021\/06\/04-28-1.jpg\"><img loading=\"lazy\" decoding=\"async\" class=\"alignleft  wp-image-3617\" src=\"http:\/\/www.rmbs.es\/blog\/biblioteca-luis-cernuda\/wp-content\/uploads\/2021\/06\/04-28-1-225x300.jpg\" alt=\"\" width=\"145\" height=\"193\" srcset=\"https:\/\/www.rmbs.es\/blog\/biblioteca-luis-cernuda\/wp-content\/uploads\/2021\/06\/04-28-1-225x300.jpg 225w, https:\/\/www.rmbs.es\/blog\/biblioteca-luis-cernuda\/wp-content\/uploads\/2021\/06\/04-28-1-768x1024.jpg 768w, https:\/\/www.rmbs.es\/blog\/biblioteca-luis-cernuda\/wp-content\/uploads\/2021\/06\/04-28-1-113x150.jpg 113w, https:\/\/www.rmbs.es\/blog\/biblioteca-luis-cernuda\/wp-content\/uploads\/2021\/06\/04-28-1-18x24.jpg 18w, https:\/\/www.rmbs.es\/blog\/biblioteca-luis-cernuda\/wp-content\/uploads\/2021\/06\/04-28-1-27x36.jpg 27w, https:\/\/www.rmbs.es\/blog\/biblioteca-luis-cernuda\/wp-content\/uploads\/2021\/06\/04-28-1-36x48.jpg 36w, https:\/\/www.rmbs.es\/blog\/biblioteca-luis-cernuda\/wp-content\/uploads\/2021\/06\/04-28-1.jpg 960w\" sizes=\"auto, (max-width: 145px) 100vw, 145px\" \/><\/a>\u00bfPor qu\u00e9 algunos libros permanecen en el tiempo y alumbran a generaciones sucesivas? El poeta, escritor y editor David Eloy Rodr\u00edguez nos ofrece este ciclo de conferencias a partir del an\u00e1lisis contextualizado de una selecci\u00f3n de libros \u00a0que nos ayudar\u00e1 a pensar en el concepto de \u201ccl\u00e1sico\u201d en la literatura. P\u00fablico adulto en general. A las 16:00 h. Inscripciones en la biblioteca<\/p>\n<p>\u00a0<\/p>\n<p><strong>D\u00eda 27 <\/strong><\/p>\n<p><strong>Ser\u00e1 el despertar<\/strong><\/p>\n<p><a href=\"http:\/\/www.rmbs.es\/blog\/biblioteca-luis-cernuda\/wp-content\/uploads\/2021\/06\/05-27.jpeg\"><img loading=\"lazy\" decoding=\"async\" class=\"alignleft  wp-image-3624\" src=\"http:\/\/www.rmbs.es\/blog\/biblioteca-luis-cernuda\/wp-content\/uploads\/2021\/06\/05-27-225x300.jpeg\" alt=\"\" width=\"140\" height=\"187\" srcset=\"https:\/\/www.rmbs.es\/blog\/biblioteca-luis-cernuda\/wp-content\/uploads\/2021\/06\/05-27-225x300.jpeg 225w, https:\/\/www.rmbs.es\/blog\/biblioteca-luis-cernuda\/wp-content\/uploads\/2021\/06\/05-27-113x150.jpeg 113w, https:\/\/www.rmbs.es\/blog\/biblioteca-luis-cernuda\/wp-content\/uploads\/2021\/06\/05-27-18x24.jpeg 18w, https:\/\/www.rmbs.es\/blog\/biblioteca-luis-cernuda\/wp-content\/uploads\/2021\/06\/05-27-27x36.jpeg 27w, https:\/\/www.rmbs.es\/blog\/biblioteca-luis-cernuda\/wp-content\/uploads\/2021\/06\/05-27-36x48.jpeg 36w, https:\/\/www.rmbs.es\/blog\/biblioteca-luis-cernuda\/wp-content\/uploads\/2021\/06\/05-27.jpeg 300w\" sizes=\"auto, (max-width: 140px) 100vw, 140px\" \/><\/a>Ya est\u00e1 aqu\u00ed de nuevo\u00a0 Philippe Le Magnifique con su maleta cargada de sorpresas y magia. En esta ocasi\u00f3n nos contar\u00e1 cuentos sobre la igualdad entre ni\u00f1os y ni\u00f1as, y la importancia de la aceptaci\u00f3n de las diferencias. Por Jes\u00fas Tiracuentos. Centros escolares Educaci\u00f3n Primaria. A las 10.30 h.<\/p>\n<p>\u00a0<\/p>\n<p><strong>D\u00eda 28<\/strong><\/p>\n<p><strong>\u00a0<\/strong><strong>De boca a oreja<\/strong><\/p>\n<p><a href=\"http:\/\/www.rmbs.es\/blog\/biblioteca-luis-cernuda\/wp-content\/uploads\/2021\/06\/05-28.jpg\"><img loading=\"lazy\" decoding=\"async\" class=\"alignleft  wp-image-3625\" src=\"http:\/\/www.rmbs.es\/blog\/biblioteca-luis-cernuda\/wp-content\/uploads\/2021\/06\/05-28-300x212.jpg\" alt=\"\" width=\"195\" height=\"138\" srcset=\"https:\/\/www.rmbs.es\/blog\/biblioteca-luis-cernuda\/wp-content\/uploads\/2021\/06\/05-28-300x212.jpg 300w, https:\/\/www.rmbs.es\/blog\/biblioteca-luis-cernuda\/wp-content\/uploads\/2021\/06\/05-28-768x543.jpg 768w, https:\/\/www.rmbs.es\/blog\/biblioteca-luis-cernuda\/wp-content\/uploads\/2021\/06\/05-28-150x106.jpg 150w, https:\/\/www.rmbs.es\/blog\/biblioteca-luis-cernuda\/wp-content\/uploads\/2021\/06\/05-28-24x17.jpg 24w, https:\/\/www.rmbs.es\/blog\/biblioteca-luis-cernuda\/wp-content\/uploads\/2021\/06\/05-28-36x25.jpg 36w, https:\/\/www.rmbs.es\/blog\/biblioteca-luis-cernuda\/wp-content\/uploads\/2021\/06\/05-28-48x34.jpg 48w, https:\/\/www.rmbs.es\/blog\/biblioteca-luis-cernuda\/wp-content\/uploads\/2021\/06\/05-28.jpg 900w\" sizes=\"auto, (max-width: 195px) 100vw, 195px\" \/><\/a>Desde los abuelos de nuestros abuelos, y a\u00fan antes, se contaban estas historias que han ido pasando de boca en boca casi hasta nuestros d\u00edas. Pepep\u00e9rez \u00a0las ha ido recogiendo y nos las cuenta para que sus ense\u00f1anzas no se olviden. Centros escolares de\u00a0 Educaci\u00f3n Primaria. Sesiones a las 10.00 y a las 11.00 h.<\/p>\n<p><strong>\u00a0<\/strong><\/p>\n<p><strong>\u00a0<\/strong><strong>Julio<\/strong><\/p>\n<p><strong>\u00a0<\/strong><\/p>\n<p><strong>D\u00eda 14<\/strong><\/p>\n<p><strong>Amor de vaca con caca<\/strong><\/p>\n<p><a href=\"http:\/\/www.rmbs.es\/blog\/biblioteca-luis-cernuda\/wp-content\/uploads\/2021\/06\/07-14.jpg\"><img loading=\"lazy\" decoding=\"async\" class=\"alignleft  wp-image-3626\" src=\"http:\/\/www.rmbs.es\/blog\/biblioteca-luis-cernuda\/wp-content\/uploads\/2021\/06\/07-14-261x300.jpg\" alt=\"\" width=\"169\" height=\"194\" srcset=\"https:\/\/www.rmbs.es\/blog\/biblioteca-luis-cernuda\/wp-content\/uploads\/2021\/06\/07-14-261x300.jpg 261w, https:\/\/www.rmbs.es\/blog\/biblioteca-luis-cernuda\/wp-content\/uploads\/2021\/06\/07-14-130x150.jpg 130w, https:\/\/www.rmbs.es\/blog\/biblioteca-luis-cernuda\/wp-content\/uploads\/2021\/06\/07-14-21x24.jpg 21w, https:\/\/www.rmbs.es\/blog\/biblioteca-luis-cernuda\/wp-content\/uploads\/2021\/06\/07-14-31x36.jpg 31w, https:\/\/www.rmbs.es\/blog\/biblioteca-luis-cernuda\/wp-content\/uploads\/2021\/06\/07-14-42x48.jpg 42w, https:\/\/www.rmbs.es\/blog\/biblioteca-luis-cernuda\/wp-content\/uploads\/2021\/06\/07-14.jpg 503w\" sizes=\"auto, (max-width: 169px) 100vw, 169px\" \/><\/a>Las vacas ahora son amorosas y tranquilas&#8230; pero no siempre fue as\u00ed. Hubo un tiempo de vacas salvajes con an\u00e9cdotas y aventuras muy divertidas. Vamos a re\u00edrnos de lo lindo con estas vacas y con la compa\u00f1\u00eda \u00a0de un instrumento \u00fanico en su especie: <em>la Vakalele<\/em>. Por Salva Atienza. P\u00fablico infantil a partir de 3 a\u00f1os (plazas limitadas). A las 10.30 h. Inscripciones en la biblioteca<\/p>\n<p>\u00a0<\/p>\n<p><strong>Agosto<\/strong><\/p>\n<p><strong>\u00a0<\/strong><\/p>\n<p><strong>D\u00eda 18<\/strong><\/p>\n<p><strong>Cuentos con sabor a verano<\/strong><\/p>\n<p><a href=\"http:\/\/www.rmbs.es\/blog\/biblioteca-luis-cernuda\/wp-content\/uploads\/2021\/06\/08-18.jpg\"><img loading=\"lazy\" decoding=\"async\" class=\"alignleft  wp-image-3627\" src=\"http:\/\/www.rmbs.es\/blog\/biblioteca-luis-cernuda\/wp-content\/uploads\/2021\/06\/08-18-300x270.jpg\" alt=\"\" width=\"193\" height=\"174\" srcset=\"https:\/\/www.rmbs.es\/blog\/biblioteca-luis-cernuda\/wp-content\/uploads\/2021\/06\/08-18-300x270.jpg 300w, https:\/\/www.rmbs.es\/blog\/biblioteca-luis-cernuda\/wp-content\/uploads\/2021\/06\/08-18-1024x920.jpg 1024w, https:\/\/www.rmbs.es\/blog\/biblioteca-luis-cernuda\/wp-content\/uploads\/2021\/06\/08-18-768x690.jpg 768w, https:\/\/www.rmbs.es\/blog\/biblioteca-luis-cernuda\/wp-content\/uploads\/2021\/06\/08-18-1536x1380.jpg 1536w, https:\/\/www.rmbs.es\/blog\/biblioteca-luis-cernuda\/wp-content\/uploads\/2021\/06\/08-18-150x135.jpg 150w, https:\/\/www.rmbs.es\/blog\/biblioteca-luis-cernuda\/wp-content\/uploads\/2021\/06\/08-18-24x22.jpg 24w, https:\/\/www.rmbs.es\/blog\/biblioteca-luis-cernuda\/wp-content\/uploads\/2021\/06\/08-18-36x32.jpg 36w, https:\/\/www.rmbs.es\/blog\/biblioteca-luis-cernuda\/wp-content\/uploads\/2021\/06\/08-18-48x43.jpg 48w, https:\/\/www.rmbs.es\/blog\/biblioteca-luis-cernuda\/wp-content\/uploads\/2021\/06\/08-18.jpg 1920w\" sizes=\"auto, (max-width: 193px) 100vw, 193px\" \/><\/a>Un espect\u00e1culo de narraci\u00f3n oral donde se contar\u00e1n cuentos relacionados con el verano. Historias divertidas y coloridas para refrescarnos un poquito en la calurosa can\u00edcula sevillana. Por Fran Nu\u00f1o. Destinatarios: p\u00fablico infantil a partir de 3 a\u00f1os (plazas limitadas). Sesiones a las 10.00 y a las 11.30 h. Inscripciones en la biblioteca<\/p>\n<p>\u00a0<\/p>\n<p><strong>Septiembre<\/strong><\/p>\n<p><strong>\u00a0<\/strong><\/p>\n<p><strong>D\u00eda 22<\/strong><\/p>\n<p><strong>Cl\u00e1sicos eternos: ciclo de conferencias sobre libros extraordinarios<\/strong><\/p>\n<p>\u00bf<a href=\"http:\/\/www.rmbs.es\/blog\/biblioteca-luis-cernuda\/wp-content\/uploads\/2021\/06\/04-28-1.jpg\"><img loading=\"lazy\" decoding=\"async\" class=\"alignleft  wp-image-3617\" src=\"http:\/\/www.rmbs.es\/blog\/biblioteca-luis-cernuda\/wp-content\/uploads\/2021\/06\/04-28-1-225x300.jpg\" alt=\"\" width=\"145\" height=\"193\" srcset=\"https:\/\/www.rmbs.es\/blog\/biblioteca-luis-cernuda\/wp-content\/uploads\/2021\/06\/04-28-1-225x300.jpg 225w, https:\/\/www.rmbs.es\/blog\/biblioteca-luis-cernuda\/wp-content\/uploads\/2021\/06\/04-28-1-768x1024.jpg 768w, https:\/\/www.rmbs.es\/blog\/biblioteca-luis-cernuda\/wp-content\/uploads\/2021\/06\/04-28-1-113x150.jpg 113w, https:\/\/www.rmbs.es\/blog\/biblioteca-luis-cernuda\/wp-content\/uploads\/2021\/06\/04-28-1-18x24.jpg 18w, https:\/\/www.rmbs.es\/blog\/biblioteca-luis-cernuda\/wp-content\/uploads\/2021\/06\/04-28-1-27x36.jpg 27w, https:\/\/www.rmbs.es\/blog\/biblioteca-luis-cernuda\/wp-content\/uploads\/2021\/06\/04-28-1-36x48.jpg 36w, https:\/\/www.rmbs.es\/blog\/biblioteca-luis-cernuda\/wp-content\/uploads\/2021\/06\/04-28-1.jpg 960w\" sizes=\"auto, (max-width: 145px) 100vw, 145px\" \/><\/a>Por qu\u00e9 algunos libros permanecen en el tiempo y alumbran a generaciones sucesivas? El poeta, escritor y editor David Eloy Rodr\u00edguez nos ofrece este ciclo de conferencias a partir del an\u00e1lisis contextualizado de una selecci\u00f3n de libros \u00a0que nos ayudar\u00e1 a pensar en el concepto de \u201ccl\u00e1sico\u201d en la literatura. P\u00fablico adulto en general. A las 16:00 h. Inscripciones en la biblioteca<\/p>\n<p><strong>\u00a0<\/strong><\/p>\n<p><strong>Octubre<\/strong><\/p>\n<p><strong>\u00a0<\/strong><\/p>\n<p><strong>D\u00eda 8 <\/strong><\/p>\n<p><strong>Ronda de cuentos<\/strong><\/p>\n<p><a href=\"http:\/\/www.rmbs.es\/blog\/biblioteca-luis-cernuda\/wp-content\/uploads\/2021\/06\/10-08.jpg\"><img loading=\"lazy\" decoding=\"async\" class=\"alignleft  wp-image-3628\" src=\"http:\/\/www.rmbs.es\/blog\/biblioteca-luis-cernuda\/wp-content\/uploads\/2021\/06\/10-08.jpg\" alt=\"\" width=\"207\" height=\"155\" srcset=\"https:\/\/www.rmbs.es\/blog\/biblioteca-luis-cernuda\/wp-content\/uploads\/2021\/06\/10-08.jpg 259w, https:\/\/www.rmbs.es\/blog\/biblioteca-luis-cernuda\/wp-content\/uploads\/2021\/06\/10-08-150x112.jpg 150w, https:\/\/www.rmbs.es\/blog\/biblioteca-luis-cernuda\/wp-content\/uploads\/2021\/06\/10-08-24x18.jpg 24w, https:\/\/www.rmbs.es\/blog\/biblioteca-luis-cernuda\/wp-content\/uploads\/2021\/06\/10-08-36x27.jpg 36w, https:\/\/www.rmbs.es\/blog\/biblioteca-luis-cernuda\/wp-content\/uploads\/2021\/06\/10-08-48x36.jpg 48w\" sizes=\"auto, (max-width: 207px) 100vw, 207px\" \/><\/a>Cuentos que se cuentan con canciones, canciones que se convierten en historias, rondas para cantar, contar y jugar. Aventuras que ruedan y ruedan de boca a o\u00eddo una y otra vez&#8230;Cuentacuentos a cargo de Jhon Ardila. P\u00fablico infantil a partir de 3 a\u00f1os (plazas limitadas). A las 18.00 h. Inscripciones en la biblioteca<\/p>\n<p><strong>\u00a0<\/strong><\/p>\n<form id=\"abwxp\" action=\"https:\/\/www.juntadeandalucia.es\/cultura\/absys\/abnet\/abnetcl.cgi\/X8035\/ID5034d056\/NT236\" enctype=\"multipart\/form-data\" method=\"post\" name=\"abwxp\" target=\"AbxNo\">\n<table class=\"headBox\" width=\"100%\" cellspacing=\"0\" cellpadding=\"0\">\n<tbody>\n<tr>\n<td class=\"headContent\">\n<table class=\"Content\" width=\"90%\" cellspacing=\"4\" cellpadding=\"0\" align=\"center\">\n<tbody>\n<tr>\n<td class=\"tdNowRap\" colspan=\"3\">\n<table width=\"80%\" cellspacing=\"1\" cellpadding=\"0\">\n<tbody>\n<tr>\n<td class=\"Inp1\" width=\"20%\">\u00a0<\/td>\n<\/tr>\n<\/tbody>\n<\/table>\n<\/td>\n<\/tr>\n<\/tbody>\n<\/table>\n<\/td>\n<\/tr>\n<\/tbody>\n<\/table>\n<\/form>\n<p><strong>D\u00eda 15<br \/><\/strong><\/p>\n<p><strong>Cuentos de Maricasta\u00f1a<br \/><\/strong><\/p>\n<p><a href=\"http:\/\/www.rmbs.es\/blog\/biblioteca-luis-cernuda\/wp-content\/uploads\/2021\/06\/05-07-scaled.jpg\"><img loading=\"lazy\" decoding=\"async\" class=\"alignleft  wp-image-3619\" src=\"http:\/\/www.rmbs.es\/blog\/biblioteca-luis-cernuda\/wp-content\/uploads\/2021\/06\/05-07-300x261.jpg\" alt=\"\" width=\"169\" height=\"147\" srcset=\"https:\/\/www.rmbs.es\/blog\/biblioteca-luis-cernuda\/wp-content\/uploads\/2021\/06\/05-07-300x261.jpg 300w, https:\/\/www.rmbs.es\/blog\/biblioteca-luis-cernuda\/wp-content\/uploads\/2021\/06\/05-07-1024x892.jpg 1024w, https:\/\/www.rmbs.es\/blog\/biblioteca-luis-cernuda\/wp-content\/uploads\/2021\/06\/05-07-768x669.jpg 768w, https:\/\/www.rmbs.es\/blog\/biblioteca-luis-cernuda\/wp-content\/uploads\/2021\/06\/05-07-1536x1338.jpg 1536w, https:\/\/www.rmbs.es\/blog\/biblioteca-luis-cernuda\/wp-content\/uploads\/2021\/06\/05-07-2048x1784.jpg 2048w, https:\/\/www.rmbs.es\/blog\/biblioteca-luis-cernuda\/wp-content\/uploads\/2021\/06\/05-07-150x131.jpg 150w, https:\/\/www.rmbs.es\/blog\/biblioteca-luis-cernuda\/wp-content\/uploads\/2021\/06\/05-07-24x21.jpg 24w, https:\/\/www.rmbs.es\/blog\/biblioteca-luis-cernuda\/wp-content\/uploads\/2021\/06\/05-07-36x31.jpg 36w, https:\/\/www.rmbs.es\/blog\/biblioteca-luis-cernuda\/wp-content\/uploads\/2021\/06\/05-07-48x42.jpg 48w\" sizes=\"auto, (max-width: 169px) 100vw, 169px\" \/><\/a>Pedro ten\u00eda unas vacas y unas fanegas de tierra. Por las noches juntaba a sus bichos y a su familia y les contaba historias: aventuras de animales, de p\u00edcaros, de tontos, de ni\u00f1os y otras cosillas que rondaban por su memoria. Cuentos populares de tradici\u00f3n andaluza con canciones y juegos a cargo de Salva Atienza. P\u00fablico infantil a partir de 3 a\u00f1os (plazas limitadas).\u00a0 A las 18.00 h. Inscripciones en la biblioteca<\/p>\n<p><strong>\u00a0<\/strong><\/p>\n<p><strong>D\u00eda 27<\/strong><\/p>\n<p><strong>\u00a0<\/strong><strong>Cl\u00e1sicos eternos: ciclo de conferencias sobre libros extraordinarios<\/strong><\/p>\n<p><a href=\"http:\/\/www.rmbs.es\/blog\/biblioteca-luis-cernuda\/wp-content\/uploads\/2021\/06\/04-28-1.jpg\"><img loading=\"lazy\" decoding=\"async\" class=\"alignleft  wp-image-3617\" src=\"http:\/\/www.rmbs.es\/blog\/biblioteca-luis-cernuda\/wp-content\/uploads\/2021\/06\/04-28-1-225x300.jpg\" alt=\"\" width=\"145\" height=\"193\" srcset=\"https:\/\/www.rmbs.es\/blog\/biblioteca-luis-cernuda\/wp-content\/uploads\/2021\/06\/04-28-1-225x300.jpg 225w, https:\/\/www.rmbs.es\/blog\/biblioteca-luis-cernuda\/wp-content\/uploads\/2021\/06\/04-28-1-768x1024.jpg 768w, https:\/\/www.rmbs.es\/blog\/biblioteca-luis-cernuda\/wp-content\/uploads\/2021\/06\/04-28-1-113x150.jpg 113w, https:\/\/www.rmbs.es\/blog\/biblioteca-luis-cernuda\/wp-content\/uploads\/2021\/06\/04-28-1-18x24.jpg 18w, https:\/\/www.rmbs.es\/blog\/biblioteca-luis-cernuda\/wp-content\/uploads\/2021\/06\/04-28-1-27x36.jpg 27w, https:\/\/www.rmbs.es\/blog\/biblioteca-luis-cernuda\/wp-content\/uploads\/2021\/06\/04-28-1-36x48.jpg 36w, https:\/\/www.rmbs.es\/blog\/biblioteca-luis-cernuda\/wp-content\/uploads\/2021\/06\/04-28-1.jpg 960w\" sizes=\"auto, (max-width: 145px) 100vw, 145px\" \/><\/a>\u00bfPor qu\u00e9 algunos libros permanecen en el tiempo y alumbran a generaciones sucesivas? El poeta, escritor y editor David Eloy Rodr\u00edguez nos ofrece este ciclo de conferencias a partir del an\u00e1lisis contextualizado de una selecci\u00f3n de libros \u00a0que nos ayudar\u00e1 a pensar en el concepto de \u201ccl\u00e1sico\u201d en la literatura. P\u00fablico adulto en general. A las 16:00 h. Inscripciones en la biblioteca.<\/p>\n<p>\u00a0<\/p>\n<p><strong>D\u00eda 29<\/strong><\/p>\n<p><strong>Yo sin miedo<\/strong><\/p>\n<p><a href=\"http:\/\/www.rmbs.es\/blog\/biblioteca-luis-cernuda\/wp-content\/uploads\/2021\/06\/10-29.jpg\"><img loading=\"lazy\" decoding=\"async\" class=\"alignleft  wp-image-3629\" src=\"http:\/\/www.rmbs.es\/blog\/biblioteca-luis-cernuda\/wp-content\/uploads\/2021\/06\/10-29-300x161.jpg\" alt=\"\" width=\"216\" height=\"116\" srcset=\"https:\/\/www.rmbs.es\/blog\/biblioteca-luis-cernuda\/wp-content\/uploads\/2021\/06\/10-29-300x161.jpg 300w, https:\/\/www.rmbs.es\/blog\/biblioteca-luis-cernuda\/wp-content\/uploads\/2021\/06\/10-29-150x80.jpg 150w, https:\/\/www.rmbs.es\/blog\/biblioteca-luis-cernuda\/wp-content\/uploads\/2021\/06\/10-29-24x13.jpg 24w, https:\/\/www.rmbs.es\/blog\/biblioteca-luis-cernuda\/wp-content\/uploads\/2021\/06\/10-29-36x19.jpg 36w, https:\/\/www.rmbs.es\/blog\/biblioteca-luis-cernuda\/wp-content\/uploads\/2021\/06\/10-29-48x26.jpg 48w, https:\/\/www.rmbs.es\/blog\/biblioteca-luis-cernuda\/wp-content\/uploads\/2021\/06\/10-29.jpg 306w\" sizes=\"auto, (max-width: 216px) 100vw, 216px\" \/><\/a>Cuentos terror\u00edficamente divertidos para contar a la luz de las velas, con t\u00edteres y canciones en directo para toda la familia. Humor, intriga y sorpresas de la mano de la compa\u00f1\u00eda Lun\u00e1tika Atarazana. P\u00fablico infantil a partir de 3 a\u00f1os (plazas limitadas). A las 18.00 h. Inscripciones en la biblioteca<\/p>\n<p>\u00a0<\/p>\n<p><strong>Noviembre<\/strong><\/p>\n<p><strong>\u00a0<\/strong><\/p>\n<p><strong>\u00a0<\/strong><strong>D\u00eda 5 <\/strong><\/p>\n<p><strong>\u00a0<\/strong><strong>Picos y ramas<\/strong><\/p>\n<p><a href=\"http:\/\/www.rmbs.es\/blog\/biblioteca-luis-cernuda\/wp-content\/uploads\/2021\/06\/11-05.jpg\"><img loading=\"lazy\" decoding=\"async\" class=\"alignleft  wp-image-3630\" src=\"http:\/\/www.rmbs.es\/blog\/biblioteca-luis-cernuda\/wp-content\/uploads\/2021\/06\/11-05-254x300.jpg\" alt=\"\" width=\"149\" height=\"176\" srcset=\"https:\/\/www.rmbs.es\/blog\/biblioteca-luis-cernuda\/wp-content\/uploads\/2021\/06\/11-05-254x300.jpg 254w, https:\/\/www.rmbs.es\/blog\/biblioteca-luis-cernuda\/wp-content\/uploads\/2021\/06\/11-05-127x150.jpg 127w, https:\/\/www.rmbs.es\/blog\/biblioteca-luis-cernuda\/wp-content\/uploads\/2021\/06\/11-05-20x24.jpg 20w, https:\/\/www.rmbs.es\/blog\/biblioteca-luis-cernuda\/wp-content\/uploads\/2021\/06\/11-05-30x36.jpg 30w, https:\/\/www.rmbs.es\/blog\/biblioteca-luis-cernuda\/wp-content\/uploads\/2021\/06\/11-05-41x48.jpg 41w, https:\/\/www.rmbs.es\/blog\/biblioteca-luis-cernuda\/wp-content\/uploads\/2021\/06\/11-05.jpg 301w\" sizes=\"auto, (max-width: 149px) 100vw, 149px\" \/><\/a>P\u00e1jaros y \u00e1rboles tienen una estrecha y emotiva relaci\u00f3n, igual que la tenemos nosotros con los libros que anidan en la biblioteca. Con estos cuentos casi podr\u00e1s escuchar el trinar de los p\u00e1jaros y el rumor de las ramas mecidas por el viento. Por Carloco. P\u00fablico infantil a partir de 3 a\u00f1os (plazas limitadas). A las 18.00 h. Inscripciones en la biblioteca<\/p>\n<p>\u00a0<\/p>\n<p><strong>D\u00eda 12 <\/strong><\/p>\n<p><strong>\u00a0<\/strong><strong>Los monos tambi\u00e9n vuelan<\/strong><\/p>\n<p><a href=\"http:\/\/www.rmbs.es\/blog\/biblioteca-luis-cernuda\/wp-content\/uploads\/2021\/06\/11-12.jpg\"><img loading=\"lazy\" decoding=\"async\" class=\"alignleft  wp-image-3631\" src=\"http:\/\/www.rmbs.es\/blog\/biblioteca-luis-cernuda\/wp-content\/uploads\/2021\/06\/11-12.jpg\" alt=\"\" width=\"168\" height=\"157\" srcset=\"https:\/\/www.rmbs.es\/blog\/biblioteca-luis-cernuda\/wp-content\/uploads\/2021\/06\/11-12.jpg 232w, https:\/\/www.rmbs.es\/blog\/biblioteca-luis-cernuda\/wp-content\/uploads\/2021\/06\/11-12-150x140.jpg 150w, https:\/\/www.rmbs.es\/blog\/biblioteca-luis-cernuda\/wp-content\/uploads\/2021\/06\/11-12-24x22.jpg 24w, https:\/\/www.rmbs.es\/blog\/biblioteca-luis-cernuda\/wp-content\/uploads\/2021\/06\/11-12-36x34.jpg 36w, https:\/\/www.rmbs.es\/blog\/biblioteca-luis-cernuda\/wp-content\/uploads\/2021\/06\/11-12-48x45.jpg 48w\" sizes=\"auto, (max-width: 168px) 100vw, 168px\" \/><\/a>Philippe Le Magnifique nos trae nuevos y divertidos trucos de magia, al tiempo que nos contar\u00e1 cuentos que ayudar\u00e1n a ni\u00f1os y ni\u00f1as a valorarse y a sentir que la vida puede ser maravillosa. Por Jes\u00fas Tiracuentos. P\u00fablico infantil a partir de 3 a\u00f1os (plazas limitadas). A las 18.00 h. Inscripciones en la biblioteca<\/p>\n<p>\u00a0<\/p>\n<p><strong>D\u00eda 19<\/strong><\/p>\n<p><strong>\u00c9rase una vez un mundo al rev\u00e9s<\/strong><\/p>\n<p><a href=\"http:\/\/www.rmbs.es\/blog\/biblioteca-luis-cernuda\/wp-content\/uploads\/2021\/06\/11-19.jpg\"><img loading=\"lazy\" decoding=\"async\" class=\"alignleft  wp-image-3632\" src=\"http:\/\/www.rmbs.es\/blog\/biblioteca-luis-cernuda\/wp-content\/uploads\/2021\/06\/11-19-300x131.jpg\" alt=\"\" width=\"211\" height=\"92\" srcset=\"https:\/\/www.rmbs.es\/blog\/biblioteca-luis-cernuda\/wp-content\/uploads\/2021\/06\/11-19-300x131.jpg 300w, https:\/\/www.rmbs.es\/blog\/biblioteca-luis-cernuda\/wp-content\/uploads\/2021\/06\/11-19-768x336.jpg 768w, https:\/\/www.rmbs.es\/blog\/biblioteca-luis-cernuda\/wp-content\/uploads\/2021\/06\/11-19-150x66.jpg 150w, https:\/\/www.rmbs.es\/blog\/biblioteca-luis-cernuda\/wp-content\/uploads\/2021\/06\/11-19-24x11.jpg 24w, https:\/\/www.rmbs.es\/blog\/biblioteca-luis-cernuda\/wp-content\/uploads\/2021\/06\/11-19-36x16.jpg 36w, https:\/\/www.rmbs.es\/blog\/biblioteca-luis-cernuda\/wp-content\/uploads\/2021\/06\/11-19-48x21.jpg 48w, https:\/\/www.rmbs.es\/blog\/biblioteca-luis-cernuda\/wp-content\/uploads\/2021\/06\/11-19.jpg 800w\" sizes=\"auto, (max-width: 211px) 100vw, 211px\" \/><\/a>Eli\u00e1n est\u00e1 harto de que los ni\u00f1os se r\u00edan de \u00e9l y no sabe qu\u00e9 hacer. Pero un d\u00eda encuentra un libro que le cambiar\u00e1 la vida\u2026 Espect\u00e1culo de cuentacuentos sobre el respeto a los dem\u00e1s y el refuerzo de la autoestima. Por Lun\u00e1tika Atarazana. P\u00fablico infantil a partir de 3 a\u00f1os (plazas limitadas). A las 18.00 h. Inscripciones en la biblioteca<\/p>\n<p><strong>\u00a0<\/strong><strong>\u00a0<\/strong><\/p>\n<p><strong><em>\u201cSemana para centros educativos\u201d<\/em><\/strong><\/p>\n<p><strong>\u00a0<\/strong><strong>D\u00eda 22<\/strong><\/p>\n<p><strong>\u00a0<\/strong><strong>El coleccionista de palabras<\/strong><\/p>\n<p><a href=\"http:\/\/www.rmbs.es\/blog\/biblioteca-luis-cernuda\/wp-content\/uploads\/2021\/06\/11-22.jpg\"><img loading=\"lazy\" decoding=\"async\" class=\"alignleft  wp-image-3633\" src=\"http:\/\/www.rmbs.es\/blog\/biblioteca-luis-cernuda\/wp-content\/uploads\/2021\/06\/11-22-199x300.jpg\" alt=\"\" width=\"124\" height=\"187\" srcset=\"https:\/\/www.rmbs.es\/blog\/biblioteca-luis-cernuda\/wp-content\/uploads\/2021\/06\/11-22-199x300.jpg 199w, https:\/\/www.rmbs.es\/blog\/biblioteca-luis-cernuda\/wp-content\/uploads\/2021\/06\/11-22-680x1024.jpg 680w, https:\/\/www.rmbs.es\/blog\/biblioteca-luis-cernuda\/wp-content\/uploads\/2021\/06\/11-22-768x1156.jpg 768w, https:\/\/www.rmbs.es\/blog\/biblioteca-luis-cernuda\/wp-content\/uploads\/2021\/06\/11-22-100x150.jpg 100w, https:\/\/www.rmbs.es\/blog\/biblioteca-luis-cernuda\/wp-content\/uploads\/2021\/06\/11-22-16x24.jpg 16w, https:\/\/www.rmbs.es\/blog\/biblioteca-luis-cernuda\/wp-content\/uploads\/2021\/06\/11-22-24x36.jpg 24w, https:\/\/www.rmbs.es\/blog\/biblioteca-luis-cernuda\/wp-content\/uploads\/2021\/06\/11-22-32x48.jpg 32w, https:\/\/www.rmbs.es\/blog\/biblioteca-luis-cernuda\/wp-content\/uploads\/2021\/06\/11-22.jpg 900w\" sizes=\"auto, (max-width: 124px) 100vw, 124px\" \/><\/a>Para contar historias se necesitan palabras, por eso Pepep\u00e9rez las colecciona. A veces, son palabras tiernas y dulces, otras amargas y duras, unas cortas y otras largas, y con ellas va creando historias como las que nos contar\u00e1 en esta ocasi\u00f3n. Centros escolares de\u00a0 Educaci\u00f3n Especial. A las 10.30 h.<\/p>\n<p>\u00a0<\/p>\n<p><strong>D\u00eda 23<\/strong><\/p>\n<p><strong>Tuyo Cid: viaje a los or\u00edgenes de la literatura espa\u00f1ola<\/strong><\/p>\n<p><a href=\"http:\/\/www.rmbs.es\/blog\/biblioteca-luis-cernuda\/wp-content\/uploads\/2021\/06\/11-23.jpg\"><img loading=\"lazy\" decoding=\"async\" class=\"alignleft  wp-image-3634\" src=\"http:\/\/www.rmbs.es\/blog\/biblioteca-luis-cernuda\/wp-content\/uploads\/2021\/06\/11-23-300x267.jpg\" alt=\"\" width=\"153\" height=\"136\" srcset=\"https:\/\/www.rmbs.es\/blog\/biblioteca-luis-cernuda\/wp-content\/uploads\/2021\/06\/11-23-300x267.jpg 300w, https:\/\/www.rmbs.es\/blog\/biblioteca-luis-cernuda\/wp-content\/uploads\/2021\/06\/11-23-1024x910.jpg 1024w, https:\/\/www.rmbs.es\/blog\/biblioteca-luis-cernuda\/wp-content\/uploads\/2021\/06\/11-23-768x683.jpg 768w, https:\/\/www.rmbs.es\/blog\/biblioteca-luis-cernuda\/wp-content\/uploads\/2021\/06\/11-23-1536x1365.jpg 1536w, https:\/\/www.rmbs.es\/blog\/biblioteca-luis-cernuda\/wp-content\/uploads\/2021\/06\/11-23-150x133.jpg 150w, https:\/\/www.rmbs.es\/blog\/biblioteca-luis-cernuda\/wp-content\/uploads\/2021\/06\/11-23-24x21.jpg 24w, https:\/\/www.rmbs.es\/blog\/biblioteca-luis-cernuda\/wp-content\/uploads\/2021\/06\/11-23-36x32.jpg 36w, https:\/\/www.rmbs.es\/blog\/biblioteca-luis-cernuda\/wp-content\/uploads\/2021\/06\/11-23-48x43.jpg 48w, https:\/\/www.rmbs.es\/blog\/biblioteca-luis-cernuda\/wp-content\/uploads\/2021\/06\/11-23.jpg 1594w\" sizes=\"auto, (max-width: 153px) 100vw, 153px\" \/><\/a>Comedia did\u00e1ctica que hace un recorrido desenfadado por los inicios de nuestra literatura (jarchas, Auto de los Reyes Magos, mester de juglar\u00eda, cantares de gesta, Poema de M\u00edo Cid, Alfonso X el Sabio, mester de clerec\u00eda\u2026). Siempre se dijo que la letra con humor entra\u2026o algo as\u00ed. Por la compa\u00f1\u00eda Malaje Solo. Centros escolares de ESO y Bachillerato. A las 10.30 h.<\/p>\n<p><strong>D\u00eda 24 <\/strong><\/p>\n<p><strong>Cuentos y canciones de \u00c1frica<\/strong><\/p>\n<p><a href=\"http:\/\/www.rmbs.es\/blog\/biblioteca-luis-cernuda\/wp-content\/uploads\/2021\/06\/11-24-cuentos-y-canciones-de-africa.jpg\"><img loading=\"lazy\" decoding=\"async\" class=\"alignleft  wp-image-3635\" src=\"http:\/\/www.rmbs.es\/blog\/biblioteca-luis-cernuda\/wp-content\/uploads\/2021\/06\/11-24-cuentos-y-canciones-de-africa.jpg\" alt=\"\" width=\"166\" height=\"161\" srcset=\"https:\/\/www.rmbs.es\/blog\/biblioteca-luis-cernuda\/wp-content\/uploads\/2021\/06\/11-24-cuentos-y-canciones-de-africa.jpg 293w, https:\/\/www.rmbs.es\/blog\/biblioteca-luis-cernuda\/wp-content\/uploads\/2021\/06\/11-24-cuentos-y-canciones-de-africa-150x145.jpg 150w, https:\/\/www.rmbs.es\/blog\/biblioteca-luis-cernuda\/wp-content\/uploads\/2021\/06\/11-24-cuentos-y-canciones-de-africa-24x24.jpg 24w, https:\/\/www.rmbs.es\/blog\/biblioteca-luis-cernuda\/wp-content\/uploads\/2021\/06\/11-24-cuentos-y-canciones-de-africa-36x36.jpg 36w, https:\/\/www.rmbs.es\/blog\/biblioteca-luis-cernuda\/wp-content\/uploads\/2021\/06\/11-24-cuentos-y-canciones-de-africa-48x48.jpg 48w\" sizes=\"auto, (max-width: 166px) 100vw, 166px\" \/><\/a>Cuentan que hubo una tribu en \u00c1frica de la que venimos todas las personas. \u00c1frica, el gran continente, con sus selvas y desiertos, sus hipop\u00f3tamos y sus monos\u2026est\u00e1 toda en estas f\u00e1bulas acompa\u00f1adas de canciones llenas de ritmo, que nos har\u00e1n sentirnos parte de la tribu. A Cargo de Salva Atienza. Centros escolares de 2\u00ba ciclo de Educaci\u00f3n Infantil, y Educaci\u00f3n Primaria. A las 10.30 h.<\/p>\n<p><strong>Cl\u00e1sicos eternos: ciclo de conferencias sobre libros extraordinarios<\/strong><\/p>\n<p><a href=\"http:\/\/www.rmbs.es\/blog\/biblioteca-luis-cernuda\/wp-content\/uploads\/2021\/06\/04-28-1.jpg\"><img loading=\"lazy\" decoding=\"async\" class=\"alignleft  wp-image-3617\" src=\"http:\/\/www.rmbs.es\/blog\/biblioteca-luis-cernuda\/wp-content\/uploads\/2021\/06\/04-28-1-225x300.jpg\" alt=\"\" width=\"145\" height=\"193\" srcset=\"https:\/\/www.rmbs.es\/blog\/biblioteca-luis-cernuda\/wp-content\/uploads\/2021\/06\/04-28-1-225x300.jpg 225w, https:\/\/www.rmbs.es\/blog\/biblioteca-luis-cernuda\/wp-content\/uploads\/2021\/06\/04-28-1-768x1024.jpg 768w, https:\/\/www.rmbs.es\/blog\/biblioteca-luis-cernuda\/wp-content\/uploads\/2021\/06\/04-28-1-113x150.jpg 113w, https:\/\/www.rmbs.es\/blog\/biblioteca-luis-cernuda\/wp-content\/uploads\/2021\/06\/04-28-1-18x24.jpg 18w, https:\/\/www.rmbs.es\/blog\/biblioteca-luis-cernuda\/wp-content\/uploads\/2021\/06\/04-28-1-27x36.jpg 27w, https:\/\/www.rmbs.es\/blog\/biblioteca-luis-cernuda\/wp-content\/uploads\/2021\/06\/04-28-1-36x48.jpg 36w, https:\/\/www.rmbs.es\/blog\/biblioteca-luis-cernuda\/wp-content\/uploads\/2021\/06\/04-28-1.jpg 960w\" sizes=\"auto, (max-width: 145px) 100vw, 145px\" \/><\/a>\u00bfPor qu\u00e9 algunos libros permanecen en el tiempo y alumbran a generaciones sucesivas? El poeta, escritor y editor David Eloy Rodr\u00edguez nos ofrece este ciclo de conferencias a partir del an\u00e1lisis contextualizado de una selecci\u00f3n de libros \u00a0que nos ayudar\u00e1 a pensar en el concepto de \u201ccl\u00e1sico\u201d en la literatura. P\u00fablico adulto en general. A las 16:00 h. Inscripciones en la biblioteca<\/p>\n<p>\u00a0<\/p>\n<p><strong>D\u00eda 25 <\/strong><\/p>\n<p><strong>Artecdotario<\/strong><\/p>\n<p><a href=\"http:\/\/www.rmbs.es\/blog\/biblioteca-luis-cernuda\/wp-content\/uploads\/2021\/06\/11-25.jpg\"><img loading=\"lazy\" decoding=\"async\" class=\"alignleft  wp-image-3636\" src=\"http:\/\/www.rmbs.es\/blog\/biblioteca-luis-cernuda\/wp-content\/uploads\/2021\/06\/11-25-300x256.jpg\" alt=\"\" width=\"174\" height=\"149\" srcset=\"https:\/\/www.rmbs.es\/blog\/biblioteca-luis-cernuda\/wp-content\/uploads\/2021\/06\/11-25-300x256.jpg 300w, https:\/\/www.rmbs.es\/blog\/biblioteca-luis-cernuda\/wp-content\/uploads\/2021\/06\/11-25-1024x875.jpg 1024w, https:\/\/www.rmbs.es\/blog\/biblioteca-luis-cernuda\/wp-content\/uploads\/2021\/06\/11-25-768x656.jpg 768w, https:\/\/www.rmbs.es\/blog\/biblioteca-luis-cernuda\/wp-content\/uploads\/2021\/06\/11-25-150x128.jpg 150w, https:\/\/www.rmbs.es\/blog\/biblioteca-luis-cernuda\/wp-content\/uploads\/2021\/06\/11-25-24x20.jpg 24w, https:\/\/www.rmbs.es\/blog\/biblioteca-luis-cernuda\/wp-content\/uploads\/2021\/06\/11-25-36x31.jpg 36w, https:\/\/www.rmbs.es\/blog\/biblioteca-luis-cernuda\/wp-content\/uploads\/2021\/06\/11-25-48x41.jpg 48w, https:\/\/www.rmbs.es\/blog\/biblioteca-luis-cernuda\/wp-content\/uploads\/2021\/06\/11-25.jpg 1405w\" sizes=\"auto, (max-width: 174px) 100vw, 174px\" \/><\/a>Actividad did\u00e1ctica en la que se proyectan diez cuadros cl\u00e1sicos y se analiza cada uno de ellos dando noticias sobre su \u00a0autor, cu\u00e1ndo se pint\u00f3, d\u00f3nde estuvo y d\u00f3nde se conserva actualmente, curiosidades, tipo de pintura, etc. \u00a0A cargo de Fran Nu\u00f1o. Centros escolares de 3\u00ba ciclo de Educaci\u00f3n Primaria. Sesiones a las 10.00 y a las 11.30 h.<\/p>\n<p><strong>\u00a0<\/strong><\/p>\n<p><strong>D\u00eda 26 <\/strong><\/p>\n<p><strong>\u00a0<\/strong><strong>A vueltas de sentimiento<\/strong><\/p>\n<p><a href=\"http:\/\/www.rmbs.es\/blog\/biblioteca-luis-cernuda\/wp-content\/uploads\/2021\/06\/11-26-a-vueltas-de-sentimientos.png\"><img loading=\"lazy\" decoding=\"async\" class=\"alignleft  wp-image-3637\" src=\"http:\/\/www.rmbs.es\/blog\/biblioteca-luis-cernuda\/wp-content\/uploads\/2021\/06\/11-26-a-vueltas-de-sentimientos.png\" alt=\"\" width=\"126\" height=\"197\" srcset=\"https:\/\/www.rmbs.es\/blog\/biblioteca-luis-cernuda\/wp-content\/uploads\/2021\/06\/11-26-a-vueltas-de-sentimientos.png 180w, https:\/\/www.rmbs.es\/blog\/biblioteca-luis-cernuda\/wp-content\/uploads\/2021\/06\/11-26-a-vueltas-de-sentimientos-96x150.png 96w, https:\/\/www.rmbs.es\/blog\/biblioteca-luis-cernuda\/wp-content\/uploads\/2021\/06\/11-26-a-vueltas-de-sentimientos-15x24.png 15w, https:\/\/www.rmbs.es\/blog\/biblioteca-luis-cernuda\/wp-content\/uploads\/2021\/06\/11-26-a-vueltas-de-sentimientos-23x36.png 23w, https:\/\/www.rmbs.es\/blog\/biblioteca-luis-cernuda\/wp-content\/uploads\/2021\/06\/11-26-a-vueltas-de-sentimientos-31x48.png 31w\" sizes=\"auto, (max-width: 126px) 100vw, 126px\" \/><\/a>Vamos a explorar, descubrir y reconocer ese amplio, complejo y, en muchos casos, desconocido mundo de nuestras emociones y\u00a0 sentimientos de la mano de Jaime Sin M\u00e1s. Centros escolares de 1\u00ba y 2\u00ba \u00a0ciclos de Educaci\u00f3n Primaria. Sesiones a las 10.00 y a las 11.30 h.<\/p>\n<p><strong>\u00a0<\/strong><\/p>\n<p>\u00a0<\/p>\n<p><strong>Mundo Animal<\/strong><\/p>\n<p><a href=\"http:\/\/www.rmbs.es\/blog\/biblioteca-luis-cernuda\/wp-content\/uploads\/2021\/06\/11-26-mundo-animal.jpg\"><img loading=\"lazy\" decoding=\"async\" class=\"alignleft  wp-image-3638\" src=\"http:\/\/www.rmbs.es\/blog\/biblioteca-luis-cernuda\/wp-content\/uploads\/2021\/06\/11-26-mundo-animal-300x170.jpg\" alt=\"\" width=\"168\" height=\"95\" srcset=\"https:\/\/www.rmbs.es\/blog\/biblioteca-luis-cernuda\/wp-content\/uploads\/2021\/06\/11-26-mundo-animal-300x170.jpg 300w, https:\/\/www.rmbs.es\/blog\/biblioteca-luis-cernuda\/wp-content\/uploads\/2021\/06\/11-26-mundo-animal-150x85.jpg 150w, https:\/\/www.rmbs.es\/blog\/biblioteca-luis-cernuda\/wp-content\/uploads\/2021\/06\/11-26-mundo-animal-24x14.jpg 24w, https:\/\/www.rmbs.es\/blog\/biblioteca-luis-cernuda\/wp-content\/uploads\/2021\/06\/11-26-mundo-animal-36x20.jpg 36w, https:\/\/www.rmbs.es\/blog\/biblioteca-luis-cernuda\/wp-content\/uploads\/2021\/06\/11-26-mundo-animal-48x27.jpg 48w, https:\/\/www.rmbs.es\/blog\/biblioteca-luis-cernuda\/wp-content\/uploads\/2021\/06\/11-26-mundo-animal.jpg 476w\" sizes=\"auto, (max-width: 168px) 100vw, 168px\" \/><\/a>En el mundo animal suceden muchas, pero que muchas cosas. Los mismos animales vienen a contarnos sus historias y a mostrarnos su mundo, que es tambi\u00e9n el nuestro porque, \u00bfqui\u00e9n no se ha sentido alguna vez un poco animal? \u00a0Por Jaime Sin M\u00e1s.\u00a0 P\u00fablico infantil a partir de 3 a\u00f1os (plazas limitadas). A las 18.00 h. Inscripciones en la biblioteca<\/p>\n<p>\u00a0<\/p>\n<p><strong>Y, adem\u00e1s, en tu biblioteca&#8230;<\/strong><\/p>\n<p><strong>\u00a0<\/strong><strong>Formaci\u00f3n de usuarios<\/strong><\/p>\n<p>Visitas concertadas para grupos escolares de Educaci\u00f3n Infantil, Primaria, E.S.O., Bachillerato, Educaci\u00f3n de Adultos, Asociaciones y otras entidades<\/p>\n<p>\u00a0<\/p>\n<p><strong>Formaci\u00f3n permanente en el uso de cat\u00e1logos on line y plataformas digitales<\/strong><\/p>\n<p>Formaci\u00f3n de usuarios en el uso y la consulta del cat\u00e1logo on line de la biblioteca\u00a0 (OPAC) para el aprendizaje en el manejo de los fondos, la reserva de ejemplares o la renovaci\u00f3n de los mismos, adem\u00e1s de la solicitud de carnets o de compras de ejemplares por la biblioteca. Formamos, adem\u00e1s,\u00a0 en el uso de \u201cEbiblio Andaluc\u00eda\u201d,\u00a0 la plataforma de pr\u00e9stamo de libros digitales de la Junta de Andaluc\u00eda.\u00a0 Por el personal de la biblioteca<\/p>\n<p>\u00a0<\/p>\n<p><strong>\u00a0<\/strong><\/p>\n<p><strong>\u00a0<\/strong><\/p>\n<p><strong>\u00a0<\/strong><\/p>\n<p><strong>\u00a0<\/strong><\/p>\n<p><strong>Abril<\/strong><\/p>\n<p><strong>\u00a0<\/strong><strong>D\u00eda 28 <\/strong><\/p>\n<p><strong>\u00a0<\/strong><strong>Cl\u00e1sicos eternos: ciclo de conferencias sobre libros extraordinarios<\/strong><\/p>\n<p>\u00bfPor qu\u00e9 algunos libros permanecen en el tiempo y alumbran a generaciones sucesivas? El poeta, escritor y editor David Eloy Rodr\u00edguez nos ofrece este ciclo de conferencias a partir del an\u00e1lisis contextualizado de una selecci\u00f3n de libros \u00a0que nos ayudar\u00e1 a pensar en el concepto de \u201ccl\u00e1sico\u201d en la literatura<\/p>\n<p>\u00a0<\/p>\n<p>Destinatarios: p\u00fablico adulto en general<\/p>\n<p>Horario: 16:00 h.<\/p>\n<p>Inscripciones en la biblioteca<\/p>\n<p><strong>\u00a0<\/strong><\/p>\n<p><strong>D\u00eda 30 <\/strong><\/p>\n<p><strong>Para comerte mejor<\/strong><\/p>\n<p>Aqu\u00ed todo el mundo quiere comerse a alguien. El cocodrilo al ni\u00f1o, el gato al pollo, el pollo al gusano, el gusano a la yerba, el ogro a la cabra\u2026Cada uno a lo suyo, comer, comer, comer. Cuentacuentos a cargo de Jaime Sin M\u00e1s<\/p>\n<p>Destinatarios: p\u00fablico infantil a partir de 3 a\u00f1os (plazas limitadas)<\/p>\n<p>Horario: 17.00 h.<\/p>\n<p>Inscripciones en la biblioteca<\/p>\n<p>\u00a0<\/p>\n<p><strong>\u00a0<\/strong><\/p>\n<p><strong>\u00a0<\/strong><\/p>\n<p><strong>\u00a0<\/strong><\/p>\n<p><strong>\u00a0<\/strong><\/p>\n<p><strong>\u00a0<\/strong><\/p>\n<p><strong>Mayo<\/strong><\/p>\n<p><strong>\u00a0<\/strong><\/p>\n<p><strong>D\u00eda 7<\/strong><\/p>\n<p><strong>Ritmo de coraz\u00f3n de Jap\u00f3n<\/strong><\/p>\n<p>Cuentos y relatos del Jap\u00f3n ancestral, due\u00f1o de una de las tradiciones orales m\u00e1s singulares y curiosas del mundo. Narraci\u00f3n y acompa\u00f1amiento musical a cargo de Salva Atienza<\/p>\n<p>Destinatarios: p\u00fablico infantil a partir de 3 a\u00f1os (plazas limitadas)<\/p>\n<p>Horario: 17.00 h.<\/p>\n<p>Inscripciones en la biblioteca<\/p>\n<p>\u00a0<\/p>\n<p><strong>\u00a0<\/strong><\/p>\n<p><strong>\u00a0<\/strong><\/p>\n<p><strong>\u00a0<\/strong><\/p>\n<p><strong>\u00a0<\/strong><\/p>\n<p><strong>D\u00eda 14 <\/strong><\/p>\n<p><strong>Cuentos de boca a oreja<\/strong><\/p>\n<p>Desde el principio de los tiempos una gran cadena humana ha mantenido ese continuo fluir de cuentos que han llegado hasta nuestros d\u00edas. Sesi\u00f3n de cuentos tradicionales a cargo de Filiberto Chamorro<\/p>\n<p>Destinatarios: p\u00fablico infantil a partir de 3 a\u00f1os (plazas limitadas)<\/p>\n<p>Horario: 17.00 h.<\/p>\n<p>Inscripciones en la biblioteca<\/p>\n<p>\u00a0<\/p>\n<p><strong>D\u00eda 21 <\/strong><\/p>\n<p><strong>Cuentos de misterio poco serio<\/strong><\/p>\n<p>Esta vez Philippe Le Magnifique viene a contarnos historias de mist\u00e9eerio, s\u00f3lo que\u2026 puede que nos entre la risa. Cuentacuentos con juegos de magia y mucho humor a cargo de Jes\u00fas Tiracuentos<\/p>\n<p>\u00a0<\/p>\n<p>Destinatarios: p\u00fablico infantil a partir de 3 a\u00f1os (plazas limitadas)<\/p>\n<p>Horario: 17.00 h.<\/p>\n<p>Inscripciones en la biblioteca<\/p>\n<p><strong>\u00a0<\/strong><\/p>\n<p><strong>\u00a0<\/strong><\/p>\n<p><strong>\u00a0<\/strong><\/p>\n<p><strong>\u00a0<\/strong><\/p>\n<p><strong>\u00a0<\/strong><\/p>\n<p><strong>\u00a0<\/strong><\/p>\n<p><strong><em>\u201cSemana para centros educativos\u201d<\/em><\/strong><\/p>\n<p><strong>\u00a0<\/strong><\/p>\n<p><strong>\u00a0<\/strong><\/p>\n<p><strong>D\u00eda 25<\/strong><\/p>\n<p><strong>\u00a0<\/strong><\/p>\n<p><strong>Cuentos singulares de animales originales<\/strong><\/p>\n<p>Unos animales divertidos y diferentes, como cada uno de nosotros, que cantan y cuentan historias sobre la necesidad de dialogar para resolver los conflictos, sobre la aceptaci\u00f3n de la diversidad\u2026Y todo ello disfrutando con la m\u00fasica y la magia de la palabra. A cargo de Salva Atienza<\/p>\n<p>Destinatarios: centros escolares de 2\u00ba ciclo\u00a0 Educaci\u00f3n\u00a0 Infantil y 1\u00ba ciclo de Educaci\u00f3n Primaria<\/p>\n<p>Horario: a las 10.30 h.<\/p>\n<p><strong>\u00a0<\/strong><\/p>\n<p><strong>D\u00eda 26 <\/strong><\/p>\n<p><strong>Sana, sana, comidita sana<\/strong><\/p>\n<p>Muchos alimentos parecen m\u00e1gicos porque te dan fuerza, te hacen crecer, te dan alegr\u00eda o te curan si est\u00e1s enfermo. En esta sesi\u00f3n de cuentos nos enteraremos de c\u00f3mo activar el poder de los alimentos y de la importancia de comer bien. Por Jhon Ardila<\/p>\n<p>\u00a0<\/p>\n<p>Destinatarios: centros escolares de 1\u00ba ciclo de Educaci\u00f3n Primaria<\/p>\n<p>Horario: a las 10.30 h.<\/p>\n<p>\u00a0<\/p>\n<p><strong>\u00a0<\/strong><\/p>\n<p><strong>\u00a0<\/strong><\/p>\n<p><strong>\u00a0<\/strong><\/p>\n<p><strong>\u00a0<\/strong><\/p>\n<p><strong>\u00a0<\/strong><\/p>\n<p><strong>\u00a0<\/strong><\/p>\n<p><strong>\u00a0<\/strong><\/p>\n<p><strong>Cl\u00e1sicos eternos: ciclo de conferencias sobre libros extraordinarios<\/strong><\/p>\n<p>\u00bfPor qu\u00e9 algunos libros permanecen en el tiempo y alumbran a generaciones sucesivas? El poeta, escritor y editor David Eloy Rodr\u00edguez nos ofrece este ciclo de conferencias a partir del an\u00e1lisis contextualizado de una selecci\u00f3n de libros \u00a0que nos ayudar\u00e1 a pensar en el concepto de \u201ccl\u00e1sico\u201d en la literatura<\/p>\n<p>\u00a0<\/p>\n<p>Destinatarios: p\u00fablico adulto en general<\/p>\n<p>Horario: 16:00 h.<\/p>\n<p>Inscripciones en la biblioteca<\/p>\n<p>\u00a0<\/p>\n<p><strong>\u00a0<\/strong><\/p>\n<p><strong>\u00a0<\/strong><\/p>\n<p><strong>D\u00eda 27 <\/strong><\/p>\n<p><strong>Ser\u00e1 el despertar<\/strong><\/p>\n<p>Ya est\u00e1 aqu\u00ed de nuevo\u00a0 Philippe Le Magnifique con su maleta cargada de sorpresas y magia. En esta ocasi\u00f3n nos contar\u00e1 cuentos sobre la igualdad entre ni\u00f1os y ni\u00f1as, y la importancia de la aceptaci\u00f3n de las diferencias. Por Jes\u00fas Tiracuentos<\/p>\n<p>\u00a0<\/p>\n<p>Destinatarios: centros escolares Educaci\u00f3n Primaria<\/p>\n<p>Horario: a las 10.30 h.<\/p>\n<p>\u00a0<\/p>\n<p><strong>D\u00eda 28<\/strong><\/p>\n<p><strong>\u00a0<\/strong><\/p>\n<p><strong>De boca a oreja<\/strong><\/p>\n<p>Desde los abuelos de nuestros abuelos, y a\u00fan antes, se contaban estas historias que han ido pasando de boca en boca casi hasta nuestros d\u00edas. Pepep\u00e9rez \u00a0las ha ido recogiendo y nos las cuenta para que sus ense\u00f1anzas no se olviden<\/p>\n<p>\u00a0<\/p>\n<p>Destinatarios: centros escolares de\u00a0 Educaci\u00f3n Primaria<\/p>\n<p>Horario: sesiones a las 10.00 y a las 11.00 h.<\/p>\n<p><strong>\u00a0<\/strong><\/p>\n<p><strong>\u00a0<\/strong><\/p>\n<p><strong>Julio<\/strong><\/p>\n<p><strong>\u00a0<\/strong><\/p>\n<p><strong>D\u00eda 14<\/strong><\/p>\n<p><strong>Amor de vaca con caca<\/strong><\/p>\n<p>Las vacas ahora son amorosas y tranquilas&#8230; pero no siempre fue as\u00ed. Hubo un tiempo de vacas salvajes con an\u00e9cdotas y aventuras muy divertidas. Vamos a re\u00edrnos de lo lindo con estas vacas y con la compa\u00f1\u00eda \u00a0de un instrumento \u00fanico en su especie: <em>la Vakalele<\/em>. Por Salva Atienza<\/p>\n<p>Destinatarios: p\u00fablico infantil a partir de 3 a\u00f1os (plazas limitadas)<\/p>\n<p>Horario: a las 10.30 h.<\/p>\n<p>Inscripciones en la biblioteca<\/p>\n<p>\u00a0<\/p>\n<p><strong>\u00a0<\/strong><\/p>\n<p><strong>\u00a0<\/strong><\/p>\n<p><strong>\u00a0<\/strong><\/p>\n<p><strong>Agosto<\/strong><\/p>\n<p><strong>\u00a0<\/strong><\/p>\n<p><strong>D\u00eda 18<\/strong><\/p>\n<p><strong>Cuentos con sabor a verano<\/strong><\/p>\n<p>Un espect\u00e1culo de narraci\u00f3n oral donde se contar\u00e1n cuentos<\/p>\n<p>relacionados con el verano. Historias divertidas y coloridas<\/p>\n<p>para refrescarnos un poquito en la calurosa can\u00edcula sevillana. Por<\/p>\n<p>Fran Nu\u00f1o<\/p>\n<p>Destinatarios: p\u00fablico infantil a partir de 3 a\u00f1os (plazas limitadas)<\/p>\n<p>Horario: sesiones a las 10.00 y a las 11.30 h.<\/p>\n<p>Inscripciones en la biblioteca<\/p>\n<p>\u00a0<\/p>\n<p><strong>\u00a0<\/strong><\/p>\n<p><strong>\u00a0<\/strong><\/p>\n<p><strong>\u00a0<\/strong><\/p>\n<p><strong>\u00a0<\/strong><\/p>\n<p><strong>\u00a0<\/strong><\/p>\n<p><strong>Septiembre<\/strong><\/p>\n<p><strong>\u00a0<\/strong><\/p>\n<p><strong>D\u00eda 22<\/strong><\/p>\n<p><strong>Cl\u00e1sicos eternos: ciclo de conferencias sobre libros extraordinarios<\/strong><\/p>\n<p>\u00bfPor qu\u00e9 algunos libros permanecen en el tiempo y alumbran a generaciones sucesivas? El poeta, escritor y editor David Eloy Rodr\u00edguez nos ofrece este ciclo de conferencias a partir del an\u00e1lisis contextualizado de una selecci\u00f3n de libros \u00a0que nos ayudar\u00e1 a pensar en el concepto de \u201ccl\u00e1sico\u201d en la literatura<\/p>\n<p>\u00a0<\/p>\n<p>Destinatarios: p\u00fablico adulto en general<\/p>\n<p>Horario: 16:00 h.<\/p>\n<p>Inscripciones en la biblioteca<\/p>\n<p><strong>\u00a0<\/strong><\/p>\n<p>\u00a0<\/p>\n<p><strong>\u00a0<\/strong><\/p>\n<p><strong>Octubre<\/strong><\/p>\n<p><strong>\u00a0<\/strong><\/p>\n<p><strong>D\u00eda 8 <\/strong><\/p>\n<p><strong>Ronda de cuentos<\/strong><\/p>\n<p>Cuentos que se cuentan con canciones, canciones que se convierten en historias, rondas para cantar, contar y jugar. Aventuras que ruedan y ruedan de boca a o\u00eddo una y otra vez&#8230;Cuentacuentos a cargo de Jhon Ardila<\/p>\n<p>Destinatarios: p\u00fablico infantil a partir de 3 a\u00f1os (plazas limitadas)<\/p>\n<p>Horario: A las 17.00 h.<\/p>\n<p>Inscripciones en la biblioteca<\/p>\n<p><strong>\u00a0<\/strong><\/p>\n<p><strong>D\u00eda 15 <\/strong><\/p>\n<p><strong>Cuentos de Maricasta\u00f1a<\/strong><\/p>\n<p>Pedro ten\u00eda unas vacas y unas fanegas de tierra. Por las noches juntaba a sus bichos y a su familia y les contaba historias: aventuras de animales, de p\u00edcaros, de tontos, de ni\u00f1os y otras cosillas que rondaban por su memoria. Cuentos populares de tradici\u00f3n andaluza con canciones y juegos a cargo de Salva Atienza<\/p>\n<p>\u00a0<\/p>\n<p>Destinatarios: p\u00fablico infantil a partir de 3 a\u00f1os (plazas limitadas)<\/p>\n<p>Horario: A las 17.00 h.<\/p>\n<p>Inscripciones en la biblioteca<\/p>\n<p>\u00a0<\/p>\n<p><strong>\u00a0<\/strong><\/p>\n<p><strong>D\u00eda 27<\/strong><\/p>\n<p><strong>\u00a0<\/strong><\/p>\n<p><strong>Cl\u00e1sicos eternos: ciclo de conferencias sobre libros extraordinarios<\/strong><\/p>\n<p>\u00bfPor qu\u00e9 algunos libros permanecen en el tiempo y alumbran a generaciones sucesivas? El poeta, escritor y editor David Eloy Rodr\u00edguez nos ofrece este ciclo de conferencias a partir del an\u00e1lisis contextualizado de una selecci\u00f3n de libros \u00a0que nos ayudar\u00e1 a pensar en el concepto de \u201ccl\u00e1sico\u201d en la literatura<\/p>\n<p>\u00a0<\/p>\n<p>Destinatarios: p\u00fablico adulto en general<\/p>\n<p>Horario: 16:00 h.<\/p>\n<p>Inscripciones en la biblioteca<\/p>\n<p>\u00a0<\/p>\n<p><strong>D\u00eda 29<\/strong><\/p>\n<p>\u00a0<\/p>\n<p><strong>Yo sin miedo<\/strong><\/p>\n<p>Cuentos terror\u00edficamente divertidos para contar a la luz de las velas, con t\u00edteres y canciones en directo para toda la familia. Humor, intriga y sorpresas de la mano de la compa\u00f1\u00eda Lun\u00e1tika Atarazana<\/p>\n<p>Destinatarios: p\u00fablico infantil a partir de 3 a\u00f1os (plazas limitadas)<\/p>\n<p>Horario: A las 17.00 h.<\/p>\n<p>Inscripciones en la biblioteca<\/p>\n<p>\u00a0<\/p>\n<p><strong>\u00a0<\/strong><\/p>\n<p><strong>Noviembre<\/strong><\/p>\n<p><strong>\u00a0<\/strong><\/p>\n<p><strong>\u00a0<\/strong><\/p>\n<p><strong>\u00a0<\/strong><\/p>\n<p><strong>D\u00eda 5 <\/strong><\/p>\n<p><strong>\u00a0<\/strong><\/p>\n<p><strong>Picos y ramas<\/strong><\/p>\n<p>P\u00e1jaros y \u00e1rboles tienen una estrecha y emotiva relaci\u00f3n, igual que la tenemos nosotros con los libros que anidan en la biblioteca. Con estos cuentos casi podr\u00e1s escuchar el trinar de los p\u00e1jaros y el rumor de las ramas mecidas por el viento. Por Carloco<\/p>\n<p>\u00a0<\/p>\n<p>Destinatarios: p\u00fablico infantil a partir de 3 a\u00f1os (plazas limitadas)<\/p>\n<p>Horario: 17.00 h.<\/p>\n<p>Inscripciones en la biblioteca<\/p>\n<p>\u00a0<\/p>\n<p><strong>\u00a0<\/strong><\/p>\n<p><strong>D\u00eda 12 <\/strong><\/p>\n<p><strong>\u00a0<\/strong><\/p>\n<p><strong>Los monos tambi\u00e9n vuelan<\/strong><\/p>\n<p>Philippe Le Magnifique nos trae nuevos y divertidos trucos de magia, al tiempo que nos contar\u00e1 cuentos que ayudar\u00e1n a ni\u00f1os y ni\u00f1as a valorarse y a sentir que la vida puede ser maravillosa. Por Jes\u00fas Tiracuentos<\/p>\n<p>\u00a0<\/p>\n<p>Destinatarios: p\u00fablico infantil a partir de 3 a\u00f1os (plazas limitadas)<\/p>\n<p>Horario: 17.00 h.<\/p>\n<p>Inscripciones en la biblioteca<\/p>\n<p>\u00a0<\/p>\n<p><strong>D\u00eda 19<\/strong><\/p>\n<p><strong>\u00a0<\/strong><\/p>\n<p><strong>\u00c9rase una vez un mundo al rev\u00e9s<\/strong><\/p>\n<p>Eli\u00e1n est\u00e1 harto de que los ni\u00f1os se r\u00edan de \u00e9l y no sabe qu\u00e9 hacer. Pero un d\u00eda encuentra un libro que le cambiar\u00e1 la vida\u2026 Espect\u00e1culo de cuentacuentos sobre el respeto a los dem\u00e1s y el refuerzo de la autoestima. Por Lun\u00e1tika Atarazana<\/p>\n<p>\u00a0<\/p>\n<p>Destinatarios: p\u00fablico infantil a partir de 3 a\u00f1os (plazas limitadas)<\/p>\n<p>Horario: 17.00 h.<\/p>\n<p>Inscripciones en la biblioteca<\/p>\n<p><strong>\u00a0<\/strong><\/p>\n<p><strong>\u00a0<\/strong><\/p>\n<p><strong>\u00a0<\/strong><\/p>\n<p><strong><em>\u201cSemana para centros educativos\u201d<\/em><\/strong><\/p>\n<p><strong>\u00a0<\/strong><\/p>\n<p><strong>\u00a0<\/strong><\/p>\n<p><strong>D\u00eda 22<\/strong><\/p>\n<p><strong>\u00a0<\/strong><\/p>\n<p><strong>El coleccionista de palabras<\/strong><\/p>\n<p>Para contar historias se necesitan palabras, por eso Pepep\u00e9rez las colecciona. A veces, son palabras tiernas y dulces, otras amargas y duras, unas cortas y otras largas, y con ellas va creando historias como las que nos contar\u00e1 en esta ocasi\u00f3n<\/p>\n<p>\u00a0<\/p>\n<p>Destinatarios: centros escolares de\u00a0 Educaci\u00f3n Especial<\/p>\n<p>Horario: a las 10.30 h.<\/p>\n<p>\u00a0<\/p>\n<p><strong>\u00a0<\/strong><\/p>\n<p><strong>D\u00eda 23<\/strong><\/p>\n<p><strong>\u00a0<\/strong><\/p>\n<p><strong>Tuyo Cid: viaje a los or\u00edgenes de la literatura espa\u00f1ola<\/strong><\/p>\n<p>Comedia did\u00e1ctica que hace un recorrido desenfadado por los inicios de nuestra literatura (jarchas, Auto de los Reyes Magos, mester de juglar\u00eda, cantares de gesta, Poema de M\u00edo Cid, Alfonso X el Sabio, mester de clerec\u00eda\u2026). Siempre se dijo que la letra con humor entra\u2026o algo as\u00ed. Por la compa\u00f1\u00eda Malaje Solo<\/p>\n<p>\u00a0<\/p>\n<p>Destinatarios: centros escolares de ESO y Bachillerato<\/p>\n<p>Horario: a las 10.30 h.<\/p>\n<p><strong>\u00a0<\/strong><\/p>\n<p><strong>\u00a0<\/strong><\/p>\n<p><strong>\u00a0<\/strong><\/p>\n<p><strong>\u00a0<\/strong><\/p>\n<p><strong>D\u00eda 24 <\/strong><\/p>\n<p><strong>\u00a0<\/strong><\/p>\n<p><strong>Cuentos y canciones de \u00c1frica<\/strong><\/p>\n<p>Cuentan que hubo una tribu en \u00c1frica de la que venimos todas las personas. \u00c1frica, el gran continente, con sus selvas y desiertos, sus hipop\u00f3tamos y sus monos\u2026est\u00e1 toda en estas f\u00e1bulas acompa\u00f1adas de canciones llenas de ritmo, que nos har\u00e1n sentirnos parte de la tribu. A Cargo de Salva Atienza<\/p>\n<p>\u00a0<\/p>\n<p>Destinatarios: centros escolares de 2\u00ba ciclo de Educaci\u00f3n Infantil, y Educaci\u00f3n Primaria<\/p>\n<p>Horario: sesiones a las 10.30 h.<\/p>\n<p>\u00a0<\/p>\n<p><strong>Cl\u00e1sicos eternos: ciclo de conferencias sobre libros extraordinarios<\/strong><\/p>\n<p>\u00bfPor qu\u00e9 algunos libros permanecen en el tiempo y alumbran a generaciones sucesivas? El poeta, escritor y editor David Eloy Rodr\u00edguez nos ofrece este ciclo de conferencias a partir del an\u00e1lisis contextualizado de una selecci\u00f3n de libros \u00a0que nos ayudar\u00e1 a pensar en el concepto de \u201ccl\u00e1sico\u201d en la literatura<\/p>\n<p>\u00a0<\/p>\n<p>Destinatarios: p\u00fablico adulto en general<\/p>\n<p>Horario: 16:00 h.<\/p>\n<p>Inscripciones en la biblioteca<\/p>\n<p><strong>\u00a0<\/strong><\/p>\n<p><strong>\u00a0<\/strong><\/p>\n<p><strong>D\u00eda 25 <\/strong><\/p>\n<p><strong>\u00a0<\/strong><\/p>\n<p><strong>Artecdotario<\/strong><\/p>\n<p>Actividad did\u00e1ctica en la que se proyectan diez cuadros cl\u00e1sicos y se analiza cada uno de ellos dando noticias sobre su \u00a0autor, cu\u00e1ndo se pint\u00f3, d\u00f3nde estuvo y d\u00f3nde se conserva actualmente, curiosidades, tipo de pintura, etc. \u00a0A cargo de Fran Nu\u00f1o<\/p>\n<p>\u00a0<\/p>\n<p>Destinatarios: centros escolares de 3\u00ba ciclo de Educaci\u00f3n Primaria<\/p>\n<p>Horario: sesiones a las 10.00 y a las 11.30 h.<\/p>\n<p><strong>\u00a0<\/strong><\/p>\n<p><strong>\u00a0<\/strong><\/p>\n<p><strong>\u00a0<\/strong><\/p>\n<p><strong>\u00a0<\/strong><\/p>\n<p><strong>\u00a0<\/strong><\/p>\n<p><strong>\u00a0<\/strong><\/p>\n<p><strong>\u00a0<\/strong><\/p>\n<p><strong>\u00a0<\/strong><\/p>\n<p><strong>D\u00eda 26 <\/strong><\/p>\n<p><strong>\u00a0<\/strong><\/p>\n<p><strong>A vueltas de sentimiento<\/strong><\/p>\n<p>Vamos a explorar, descubrir y reconocer ese amplio, complejo y, en muchos casos, desconocido mundo de nuestras emociones y\u00a0 sentimientos de la mano de Jaime Sin M\u00e1s<\/p>\n<p><strong>\u00a0<\/strong><\/p>\n<p>Destinatarios: centros escolares de 1\u00ba y 2\u00ba \u00a0ciclos de Educaci\u00f3n Primaria<\/p>\n<p>Horario: sesiones a las 10.00 y a las 11.30 h.<\/p>\n<p><strong>\u00a0<\/strong><\/p>\n<p><strong>\u00a0<\/strong><\/p>\n<p><strong>\u00a0<\/strong><\/p>\n<p><strong>Mundo Animal<\/strong><\/p>\n<p>En el mundo animal suceden muchas, pero que muchas cosas. Los mismos animales vienen a contarnos sus historias y a mostrarnos su mundo, que es tambi\u00e9n el nuestro porque, \u00bfqui\u00e9n no se ha sentido alguna vez un poco animal? \u00a0Por Jaime Sin M\u00e1s<\/p>\n<p>\u00a0<\/p>\n<p>Destinatarios: p\u00fablico infantil a partir de 3 a\u00f1os (plazas limitadas)<\/p>\n<p>Horario: 17.00 h.<\/p>\n<p>Inscripciones en la biblioteca<\/p>\n<p>\u00a0<\/p>\n<p><strong>Y, adem\u00e1s, en tu biblioteca&#8230;<\/strong><\/p>\n<p><strong>\u00a0<\/strong><\/p>\n<p><strong>\u00a0<\/strong><\/p>\n<p><strong>Formaci\u00f3n de usuarios<\/strong><\/p>\n<p>Visitas concertadas para grupos escolares de Educaci\u00f3n Infantil, Primaria, E.S.O., Bachillerato, Educaci\u00f3n de Adultos, Asociaciones y otras entidades<\/p>\n<p>\u00a0<\/p>\n<p><strong>Formaci\u00f3n permanente en el uso de cat\u00e1logos on line y plataformas digitales<\/strong><\/p>\n<p>Formaci\u00f3n de usuarios en el uso y la consulta del cat\u00e1logo on line de la biblioteca\u00a0 (OPAC) para el aprendizaje en el manejo de los fondos, la reserva de ejemplares o la renovaci\u00f3n de los mismos, adem\u00e1s de la solicitud de carnets o de compras de ejemplares por la biblioteca. Formamos, adem\u00e1s,\u00a0 en el uso de \u201cEbiblio Andaluc\u00eda\u201d,\u00a0 la plataforma de pr\u00e9stamo de libros digitales de la Junta de Andaluc\u00eda.\u00a0 Por el personal de la biblioteca<\/p>\n<p>\u00a0<\/p>\n\n\n<p><\/p>\n","protected":false},"excerpt":{"rendered":"<p>\u00a0 PROGRAMACI\u00d3N DE ACTIVIDADES DE LA BIBLIOTECA LUIS CERNUDA \u00a0PARA EL A\u00d1O \u00a02021 \u00a0 PROGRAMACI\u00d3N DE ACTIVIDADES DE LA BIBLIOTECA LUIS CERNUDA PARA\u00a0 EL\u00a0 A\u00d1O\u00a0 2021 \u00a0 ABRIL \u00a0 D\u00eda 28 Cl\u00e1sicos eternos: ciclo de conferencias sobre libros extraordinarios \u00bfPor qu\u00e9 algunos libros permanecen en el tiempo y alumbran a generaciones sucesivas? El poeta, escritor&#8230;<\/p>\n","protected":false},"author":1,"featured_media":0,"parent":0,"menu_order":0,"comment_status":"open","ping_status":"open","template":"","meta":{"footnotes":""},"class_list":["post-100","page","type-page","status-publish","hentry"],"_links":{"self":[{"href":"https:\/\/www.rmbs.es\/blog\/biblioteca-luis-cernuda\/index.php?rest_route=\/wp\/v2\/pages\/100","targetHints":{"allow":["GET"]}}],"collection":[{"href":"https:\/\/www.rmbs.es\/blog\/biblioteca-luis-cernuda\/index.php?rest_route=\/wp\/v2\/pages"}],"about":[{"href":"https:\/\/www.rmbs.es\/blog\/biblioteca-luis-cernuda\/index.php?rest_route=\/wp\/v2\/types\/page"}],"author":[{"embeddable":true,"href":"https:\/\/www.rmbs.es\/blog\/biblioteca-luis-cernuda\/index.php?rest_route=\/wp\/v2\/users\/1"}],"replies":[{"embeddable":true,"href":"https:\/\/www.rmbs.es\/blog\/biblioteca-luis-cernuda\/index.php?rest_route=%2Fwp%2Fv2%2Fcomments&post=100"}],"version-history":[{"count":87,"href":"https:\/\/www.rmbs.es\/blog\/biblioteca-luis-cernuda\/index.php?rest_route=\/wp\/v2\/pages\/100\/revisions"}],"predecessor-version":[{"id":3642,"href":"https:\/\/www.rmbs.es\/blog\/biblioteca-luis-cernuda\/index.php?rest_route=\/wp\/v2\/pages\/100\/revisions\/3642"}],"wp:attachment":[{"href":"https:\/\/www.rmbs.es\/blog\/biblioteca-luis-cernuda\/index.php?rest_route=%2Fwp%2Fv2%2Fmedia&parent=100"}],"curies":[{"name":"wp","href":"https:\/\/api.w.org\/{rel}","templated":true}]}}