{"id":4663,"date":"2018-05-03T10:38:33","date_gmt":"2018-05-03T10:38:33","guid":{"rendered":"http:\/\/www.rmbs.es\/blog\/biblioteca-san-julian\/?page_id=4663"},"modified":"2021-11-08T11:59:54","modified_gmt":"2021-11-08T10:59:54","slug":"horarios","status":"publish","type":"page","link":"http:\/\/www.rmbs.es\/blog\/biblioteca-san-julian\/horarios\/","title":{"rendered":"Horarios"},"content":{"rendered":"\n<div class=\"wp-block-image\"><figure class=\"aligncenter size-large\"><img loading=\"lazy\" width=\"136\" height=\"136\" src=\"http:\/\/www.rmbs.es\/blog\/biblioteca-san-julian\/wp-content\/uploads\/2021\/11\/Reloj.png\" alt=\"\" class=\"wp-image-6084\" srcset=\"http:\/\/www.rmbs.es\/blog\/biblioteca-san-julian\/wp-content\/uploads\/2021\/11\/Reloj.png 136w, http:\/\/www.rmbs.es\/blog\/biblioteca-san-julian\/wp-content\/uploads\/2021\/11\/Reloj-24x24.png 24w, http:\/\/www.rmbs.es\/blog\/biblioteca-san-julian\/wp-content\/uploads\/2021\/11\/Reloj-36x36.png 36w, http:\/\/www.rmbs.es\/blog\/biblioteca-san-julian\/wp-content\/uploads\/2021\/11\/Reloj-48x48.png 48w\" sizes=\"(max-width: 136px) 100vw, 136px\" \/><\/figure><\/div>\n\n\n<p style=\"text-align: left;\"><span style=\"color: #ff0000;\">HORARIO DE INVIERNO\u00a0\u00a0(16 de septiembre a 20 de junio)<\/span><\/p>\n<address>De lunes a viernes<\/address><address>Ma\u00f1anas 9.30-14.30h<\/address><address>Tardes\u00a016-21h.<\/address>\n<p style=\"text-align: left;\"><span style=\"color: #ff0000;\">HORARIO DE VERANO (21 de junio a 15 de septiembre)<\/span><\/p>\n<address>De lunes a viernes<\/address><address>Ma\u00f1anas 9:00 &#8211; 14:00<\/address><address>Tardes cerrado<\/address>\n<p style=\"text-align: left;\"><span style=\"color: #ff0000;\">HORARIOS ESPECIALES<\/span><\/p>\n<p style=\"text-align: left;\"><a href=\"http:\/\/www.rmbs.es\/blog\/biblioteca-san-julian\/horario-de-navidad-5\/\">Navidad<\/a> (de 16 de diciembre a 15 de enero)<\/p>\n<p style=\"text-align: left;\"><a href=\"http:\/\/www.rmbs.es\/blog\/biblioteca-san-julian\/horario-especial-semana-santa\/\">Semana Santa<\/a>\u00a0y\u00a0<a href=\"http:\/\/www.rmbs.es\/blog\/biblioteca-san-julian\/horario-feria-de-abril\/\">Feria<\/a><\/p>\n<p>A lo largo del a\u00f1o algunos servicios podr\u00e1n verse afectados por el desarrollo de actividades culturales. Consulte siempre aqu\u00ed las\u00a0<a href=\"http:\/\/www.rmbs.es\/blog\/biblioteca-san-julian\/aviso-de-cierre-por-actividades-4\/\">incidencias.<\/a> Disculpen las molestias.<\/p><div class=\"addtoany_share_save_container\"><div class=\"a2a_kit a2a_target addtoany_list\" id=\"wpa2a_1\"><a class=\"a2a_dd addtoany_share_save\" href=\"http:\/\/www.addtoany.com\/share_save\"><img src=\"http:\/\/www.rmbs.es\/blog\/biblioteca-san-julian\/wp-content\/plugins\/add-to-any\/share_save_171_16.png\" width=\"171\" height=\"16\" alt=\"Share\"\/><\/a><\/div>\n<script type=\"text\/javascript\"><!--\nwpa2a.script_load();\n\/\/--><\/script>\n<\/div>","protected":false},"excerpt":{"rendered":"<p>HORARIO DE INVIERNO\u00a0\u00a0(16 de septiembre a 20 de junio) De lunes a viernes Ma\u00f1anas 9.30-14.30h Tardes\u00a016-21h. HORARIO DE VERANO (21 de junio a 15 de septiembre) De lunes a viernes Ma\u00f1anas 9:00 &#8211; 14:00 Tardes cerrado HORARIOS ESPECIALES Navidad (de 16 de diciembre a 15 de enero) Semana Santa\u00a0y\u00a0Feria A lo largo del a\u00f1o algunos&#8230;<\/p>\n<div class=\"addtoany_share_save_container\"><div class=\"a2a_kit a2a_target addtoany_list\" id=\"wpa2a_2\"><a class=\"a2a_dd addtoany_share_save\" href=\"http:\/\/www.addtoany.com\/share_save\"><img src=\"http:\/\/www.rmbs.es\/blog\/biblioteca-san-julian\/wp-content\/plugins\/add-to-any\/share_save_171_16.png\" width=\"171\" height=\"16\" alt=\"Share\"\/><\/a><\/div><\/div>","protected":false},"author":1,"featured_media":0,"parent":0,"menu_order":0,"comment_status":"closed","ping_status":"closed","template":"","meta":[],"_links":{"self":[{"href":"http:\/\/www.rmbs.es\/blog\/biblioteca-san-julian\/wp-json\/wp\/v2\/pages\/4663"}],"collection":[{"href":"http:\/\/www.rmbs.es\/blog\/biblioteca-san-julian\/wp-json\/wp\/v2\/pages"}],"about":[{"href":"http:\/\/www.rmbs.es\/blog\/biblioteca-san-julian\/wp-json\/wp\/v2\/types\/page"}],"author":[{"embeddable":true,"href":"http:\/\/www.rmbs.es\/blog\/biblioteca-san-julian\/wp-json\/wp\/v2\/users\/1"}],"replies":[{"embeddable":true,"href":"http:\/\/www.rmbs.es\/blog\/biblioteca-san-julian\/wp-json\/wp\/v2\/comments?post=4663"}],"version-history":[{"count":8,"href":"http:\/\/www.rmbs.es\/blog\/biblioteca-san-julian\/wp-json\/wp\/v2\/pages\/4663\/revisions"}],"predecessor-version":[{"id":6085,"href":"http:\/\/www.rmbs.es\/blog\/biblioteca-san-julian\/wp-json\/wp\/v2\/pages\/4663\/revisions\/6085"}],"wp:attachment":[{"href":"http:\/\/www.rmbs.es\/blog\/biblioteca-san-julian\/wp-json\/wp\/v2\/media?parent=4663"}],"curies":[{"name":"wp","href":"https:\/\/api.w.org\/{rel}","templated":true}]}}